{"id":671,"date":"2019-08-22T13:56:05","date_gmt":"2019-08-22T11:56:05","guid":{"rendered":"https:\/\/appartement-evolene.net\/appartement-de-vacances-a-louer-a-evolene\/?page_id=671"},"modified":"2023-11-01T07:01:32","modified_gmt":"2023-11-01T06:01:32","slug":"kontakt-chalet-bellevue-lodge-fewo-mieten-evolene","status":"publish","type":"page","link":"https:\/\/appartement-evolene.net\/appartement-de-vacances-a-louer-a-evolene\/kontakt-chalet-bellevue-lodge-fewo-mieten-evolene\/","title":{"rendered":"Kontakt"},"content":{"rendered":"\n<div class=\"wpcf7 no-js\" id=\"wpcf7-f23-o1\" lang=\"fr-FR\" dir=\"ltr\" data-wpcf7-id=\"23\">\n<div class=\"screen-reader-response\"><p role=\"status\" aria-live=\"polite\" aria-atomic=\"true\"><\/p> <ul><\/ul><\/div>\n<form action=\"\/appartement-de-vacances-a-louer-a-evolene\/wp-json\/wp\/v2\/pages\/671#wpcf7-f23-o1\" method=\"post\" class=\"wpcf7-form init\" aria-label=\"Formulaire de contact\" novalidate=\"novalidate\" data-status=\"init\">\n<fieldset class=\"hidden-fields-container\"><input type=\"hidden\" name=\"_wpcf7\" value=\"23\" \/><input type=\"hidden\" name=\"_wpcf7_version\" value=\"6.1.5\" \/><input type=\"hidden\" name=\"_wpcf7_locale\" value=\"fr_FR\" \/><input type=\"hidden\" name=\"_wpcf7_unit_tag\" value=\"wpcf7-f23-o1\" \/><input type=\"hidden\" name=\"_wpcf7_container_post\" value=\"0\" \/><input type=\"hidden\" name=\"_wpcf7_posted_data_hash\" value=\"\" \/><input type=\"hidden\" name=\"_wpcf7_recaptcha_response\" value=\"\" \/>\n<\/fieldset>\n<p>Name & Vorname*\n<\/p>\n<p><span class=\"wpcf7-form-control-wrap\" data-name=\"your-name\"><input size=\"40\" maxlength=\"400\" class=\"wpcf7-form-control wpcf7-text wpcf7-validates-as-required\" aria-required=\"true\" aria-invalid=\"false\" value=\"\" type=\"text\" name=\"your-name\" \/><\/span>\n<\/p>\n<p>Email*\n<\/p>\n<p><span class=\"wpcf7-form-control-wrap\" data-name=\"your-email\"><input size=\"40\" maxlength=\"400\" class=\"wpcf7-form-control wpcf7-email wpcf7-validates-as-required wpcf7-text wpcf7-validates-as-email\" aria-required=\"true\" aria-invalid=\"false\" value=\"\" type=\"email\" name=\"your-email\" \/><\/span>\n<\/p>\n<p>Telefon*\n<\/p>\n<p><span class=\"wpcf7-form-control-wrap\" data-name=\"Phone\"><input size=\"40\" maxlength=\"400\" class=\"wpcf7-form-control wpcf7-tel wpcf7-validates-as-required wpcf7-text wpcf7-validates-as-tel\" id=\"tf\" aria-required=\"true\" aria-invalid=\"false\" value=\"\" type=\"tel\" name=\"Phone\" \/><\/span>\n<\/p>\n<p>Thema\n<\/p>\n<p><span class=\"wpcf7-form-control-wrap\" data-name=\"your-subject\"><input size=\"40\" maxlength=\"400\" class=\"wpcf7-form-control wpcf7-text\" aria-invalid=\"false\" value=\"\" type=\"text\" name=\"your-subject\" \/><\/span>\n<\/p>\n<p>Ihre Nachricht\n<\/p>\n<p><span class=\"wpcf7-form-control-wrap\" data-name=\"your-message\"><textarea cols=\"40\" rows=\"10\" maxlength=\"2000\" class=\"wpcf7-form-control wpcf7-textarea\" aria-invalid=\"false\" name=\"your-message\"><\/textarea><\/span>\n<\/p>\n<p><span class=\"wpcf7-form-control-wrap\" data-name=\"acceptance-984\"><span class=\"wpcf7-form-control wpcf7-acceptance\"><span class=\"wpcf7-list-item\"><label><input type=\"checkbox\" name=\"acceptance-984\" value=\"1\" aria-invalid=\"false\" \/><span class=\"wpcf7-list-item-label\">Mit dem Absenden dieses Formulars erlaube ich, dass die in diesem Formular eingegebenen Informationen dazu verwendet werden, mich zu kontaktieren oder mir den Newsletter zuzusenden<\/span><\/label><\/span><\/span><\/span>\n<\/p>\n<p>* Diese Felder bitte ausf\u00fcllen.\n<\/p>\n\n<p><input class=\"wpcf7-form-control wpcf7-submit has-spinner\" type=\"submit\" value=\"Senden\" \/>\n<\/p><div class=\"wpcf7-response-output\" aria-hidden=\"true\"><\/div>\n<\/form>\n<\/div>\n\n<p>Keine Lust ein Formular auszuf\u00fcllen? Rufen Sie uns an oder schreiben Sie uns eine E-Mail.<br \/>\n<i class=\"fa fa-envelope-o\"><\/i><span class=\"phno\"> info@evolene.net<\/span><br \/>\n<i class=\"fa fa-phone\"><\/i> <span class=\"phno\"> +41 79 610 91 80<\/span><br \/>\n<div style=\"clear:both; min-height:20px; margin:25px 0; height:20px; background:url(https:\/\/appartement-evolene.net\/wp-content\/themes\/skt_hotel\/images\/hr_double.png) repeat-x center center transparent;\"><\/div><br \/>\n<div class=\"one_half name of animation\"><br \/>\n<img loading=\"lazy\" decoding=\"async\" class=\"alignnone size-medium wp-image-1044\" src=\"https:\/\/appartement-evolene.net\/wp-content\/uploads\/2023\/11\/Pascal_Gaudin_ski_freeride_coach-295x300.png\" alt=\"\" width=\"295\" height=\"300\" srcset=\"https:\/\/appartement-evolene.net\/wp-content\/uploads\/2023\/11\/Pascal_Gaudin_ski_freeride_coach-295x300.png 295w, https:\/\/appartement-evolene.net\/wp-content\/uploads\/2023\/11\/Pascal_Gaudin_ski_freeride_coach.png 495w\" sizes=\"auto, (max-width: 295px) 100vw, 295px\" \/><br \/>\n<\/div><br \/>\n<div class=\"one_half name of animation last_column\"><\/p>\n<h2>Der Eigent\u00fcmer : Pascal Gaudin<\/h2>\n<p>Ich bin in Villaz, im Eringertal geboren und verbrachte meine ganze Jugend auf die umliegenden Gipfel. Leidenschaftlicher Bergsteiger und Mountainbiker, ich bin auch qualifizierter Skilehrer. Skifahren, Berg und Natur waren immer ein Teil meines Lebens. Ich kenne die Region perfeklich, Bergen und Skigebiete, so kann ich Ihnen f\u00fcr Ihre Besuche gut beraten. Liebe Reisende, Ich freue mich, ein bisschen von diesem Universum zu teilen, und freue mich Ihnen im Maiens\u00e4ss mit FREUNDLICHKEIT, EINFACHHEIT und AUTHENTIZIT\u00c4T willkommen zu d\u00fcrfen.<br \/>\n<\/div><br \/>\n<div style=\"clear:both; min-height:20px; margin:25px 0; height:20px; background:url(https:\/\/appartement-evolene.net\/wp-content\/themes\/skt_hotel\/images\/hr_double.png) repeat-x center center transparent;\"><\/div><\/p>\n","protected":false},"excerpt":{"rendered":"<p>Keine Lust ein Formular auszuf\u00fcllen? Rufen Sie uns an oder schreiben Sie uns eine E-Mail. info@evolene.net +41 79 610 91 80<\/p>\n","protected":false},"author":1,"featured_media":580,"parent":0,"menu_order":0,"comment_status":"closed","ping_status":"open","template":"","meta":{"footnotes":""},"class_list":["post-671","page","type-page","status-publish","has-post-thumbnail","hentry"],"yoast_head":"<!-- This site is optimized with the Yoast SEO plugin v27.3 - https:\/\/yoast.com\/product\/yoast-seo-wordpress\/ -->\n<title>Kontakt | Chalet Bellevue Lodge FeWo zu mieten in Evol\u00e8ne<\/title>\n<meta name=\"description\" content=\"Ihre Ferienwohnug zu mieten in Evol\u00e8ne in einem authentischen Walliser Chalet. Zur\u00fcck zur Natur mit Blick auf eine der sch\u00f6nsten Aussicht in die Alpen.\" \/>\n<meta name=\"robots\" content=\"index, follow, max-snippet:-1, max-image-preview:large, max-video-preview:-1\" \/>\n<link rel=\"canonical\" href=\"https:\/\/appartement-evolene.net\/appartement-de-vacances-a-louer-a-evolene\/de\/kontakt-chalet-bellevue-lodge-fewo-mieten-evolene\/\" \/>\n<meta property=\"og:locale\" content=\"en_US\" \/>\n<meta property=\"og:type\" content=\"article\" \/>\n<meta property=\"og:title\" content=\"Kontakt | Chalet Bellevue Lodge FeWo zu mieten in Evol\u00e8ne\" \/>\n<meta property=\"og:description\" content=\"Ihre Ferienwohnug zu mieten in Evol\u00e8ne in einem authentischen Walliser Chalet. Zur\u00fcck zur Natur mit Blick auf eine der sch\u00f6nsten Aussicht in die Alpen.\" \/>\n<meta property=\"og:url\" content=\"https:\/\/appartement-evolene.net\/appartement-de-vacances-a-louer-a-evolene\/de\/kontakt-chalet-bellevue-lodge-fewo-mieten-evolene\/\" \/>\n<meta property=\"og:site_name\" content=\"Camp de base I Appartement de vacances \u00e0 louer | H\u00e9rens,Valais\" \/>\n<meta property=\"article:modified_time\" content=\"2023-11-01T06:01:32+00:00\" \/>\n<meta property=\"og:image\" content=\"https:\/\/appartement-evolene.net\/wp-content\/uploads\/2019\/08\/Arolla_Tsarmine_Dent-Blanche.jpg\" \/>\n\t<meta property=\"og:image:width\" content=\"1500\" \/>\n\t<meta property=\"og:image:height\" content=\"300\" \/>\n\t<meta property=\"og:image:type\" content=\"image\/jpeg\" \/>\n<meta name=\"twitter:card\" content=\"summary_large_image\" \/>\n<meta name=\"twitter:label1\" content=\"Est. reading time\" \/>\n\t<meta name=\"twitter:data1\" content=\"1 minute\" \/>\n<script type=\"application\/ld+json\" class=\"yoast-schema-graph\">{\"@context\":\"https:\\\/\\\/schema.org\",\"@graph\":[{\"@type\":\"WebPage\",\"@id\":\"https:\\\/\\\/appartement-evolene.net\\\/appartement-de-vacances-a-louer-a-evolene\\\/de\\\/kontakt-chalet-bellevue-lodge-fewo-mieten-evolene\\\/\",\"url\":\"https:\\\/\\\/appartement-evolene.net\\\/appartement-de-vacances-a-louer-a-evolene\\\/de\\\/kontakt-chalet-bellevue-lodge-fewo-mieten-evolene\\\/\",\"name\":\"Kontakt | Chalet Bellevue Lodge FeWo zu mieten in Evol\u00e8ne\",\"isPartOf\":{\"@id\":\"https:\\\/\\\/appartement-evolene.net\\\/appartement-de-vacances-a-louer-a-evolene\\\/#website\"},\"primaryImageOfPage\":{\"@id\":\"https:\\\/\\\/appartement-evolene.net\\\/appartement-de-vacances-a-louer-a-evolene\\\/de\\\/kontakt-chalet-bellevue-lodge-fewo-mieten-evolene\\\/#primaryimage\"},\"image\":{\"@id\":\"https:\\\/\\\/appartement-evolene.net\\\/appartement-de-vacances-a-louer-a-evolene\\\/de\\\/kontakt-chalet-bellevue-lodge-fewo-mieten-evolene\\\/#primaryimage\"},\"thumbnailUrl\":\"https:\\\/\\\/appartement-evolene.net\\\/wp-content\\\/uploads\\\/2019\\\/08\\\/Arolla_Tsarmine_Dent-Blanche.jpg\",\"datePublished\":\"2019-08-22T11:56:05+00:00\",\"dateModified\":\"2023-11-01T06:01:32+00:00\",\"description\":\"Ihre Ferienwohnug zu mieten in Evol\u00e8ne in einem authentischen Walliser Chalet. Zur\u00fcck zur Natur mit Blick auf eine der sch\u00f6nsten Aussicht in die Alpen.\",\"breadcrumb\":{\"@id\":\"https:\\\/\\\/appartement-evolene.net\\\/appartement-de-vacances-a-louer-a-evolene\\\/de\\\/kontakt-chalet-bellevue-lodge-fewo-mieten-evolene\\\/#breadcrumb\"},\"inLanguage\":\"en-US\",\"potentialAction\":[{\"@type\":\"ReadAction\",\"target\":[\"https:\\\/\\\/appartement-evolene.net\\\/appartement-de-vacances-a-louer-a-evolene\\\/de\\\/kontakt-chalet-bellevue-lodge-fewo-mieten-evolene\\\/\"]}]},{\"@type\":\"ImageObject\",\"inLanguage\":\"en-US\",\"@id\":\"https:\\\/\\\/appartement-evolene.net\\\/appartement-de-vacances-a-louer-a-evolene\\\/de\\\/kontakt-chalet-bellevue-lodge-fewo-mieten-evolene\\\/#primaryimage\",\"url\":\"https:\\\/\\\/appartement-evolene.net\\\/wp-content\\\/uploads\\\/2019\\\/08\\\/Arolla_Tsarmine_Dent-Blanche.jpg\",\"contentUrl\":\"https:\\\/\\\/appartement-evolene.net\\\/wp-content\\\/uploads\\\/2019\\\/08\\\/Arolla_Tsarmine_Dent-Blanche.jpg\",\"width\":1500,\"height\":300,\"caption\":\"Col de Tsarmine - vue sur la Dent Blanche (Evol\u00e8ne,H\u00e9rens,Valais)\"},{\"@type\":\"BreadcrumbList\",\"@id\":\"https:\\\/\\\/appartement-evolene.net\\\/appartement-de-vacances-a-louer-a-evolene\\\/de\\\/kontakt-chalet-bellevue-lodge-fewo-mieten-evolene\\\/#breadcrumb\",\"itemListElement\":[{\"@type\":\"ListItem\",\"position\":1,\"name\":\"Accueil\",\"item\":\"https:\\\/\\\/appartement-evolene.net\\\/appartement-de-vacances-a-louer-a-evolene\\\/\"},{\"@type\":\"ListItem\",\"position\":2,\"name\":\"Kontakt\"}]},{\"@type\":\"WebSite\",\"@id\":\"https:\\\/\\\/appartement-evolene.net\\\/appartement-de-vacances-a-louer-a-evolene\\\/#website\",\"url\":\"https:\\\/\\\/appartement-evolene.net\\\/appartement-de-vacances-a-louer-a-evolene\\\/\",\"name\":\"Camp de base I Appartement de vacances \u00e0 louer | H\u00e9rens,Valais\",\"description\":\"Camp de base Evol\u00e8ne - Silence, Relax, Vue unique sur la Dent-Blanche (4\u2019357m)\",\"publisher\":{\"@id\":\"https:\\\/\\\/appartement-evolene.net\\\/appartement-de-vacances-a-louer-a-evolene\\\/#\\\/schema\\\/person\\\/e7e5b75bc239a9008a8584fb5ae7419f\"},\"potentialAction\":[{\"@type\":\"SearchAction\",\"target\":{\"@type\":\"EntryPoint\",\"urlTemplate\":\"https:\\\/\\\/appartement-evolene.net\\\/appartement-de-vacances-a-louer-a-evolene\\\/?s={search_term_string}\"},\"query-input\":{\"@type\":\"PropertyValueSpecification\",\"valueRequired\":true,\"valueName\":\"search_term_string\"}}],\"inLanguage\":\"en-US\"},{\"@type\":[\"Person\",\"Organization\"],\"@id\":\"https:\\\/\\\/appartement-evolene.net\\\/appartement-de-vacances-a-louer-a-evolene\\\/#\\\/schema\\\/person\\\/e7e5b75bc239a9008a8584fb5ae7419f\",\"name\":\"pascal.gaudin@netplus.ch\",\"image\":{\"@type\":\"ImageObject\",\"inLanguage\":\"en-US\",\"@id\":\"https:\\\/\\\/secure.gravatar.com\\\/avatar\\\/08c1e8f052b13e1bbe011685899b7c70094b2391fede675d99ca3613cb1c51ab?s=96&d=mm&r=g\",\"url\":\"https:\\\/\\\/secure.gravatar.com\\\/avatar\\\/08c1e8f052b13e1bbe011685899b7c70094b2391fede675d99ca3613cb1c51ab?s=96&d=mm&r=g\",\"contentUrl\":\"https:\\\/\\\/secure.gravatar.com\\\/avatar\\\/08c1e8f052b13e1bbe011685899b7c70094b2391fede675d99ca3613cb1c51ab?s=96&d=mm&r=g\",\"caption\":\"pascal.gaudin@netplus.ch\"},\"logo\":{\"@id\":\"https:\\\/\\\/secure.gravatar.com\\\/avatar\\\/08c1e8f052b13e1bbe011685899b7c70094b2391fede675d99ca3613cb1c51ab?s=96&d=mm&r=g\"}}]}<\/script>\n<!-- \/ Yoast SEO plugin. -->","yoast_head_json":{"title":"Kontakt | Chalet Bellevue Lodge FeWo zu mieten in Evol\u00e8ne","description":"Ihre Ferienwohnug zu mieten in Evol\u00e8ne in einem authentischen Walliser Chalet. Zur\u00fcck zur Natur mit Blick auf eine der sch\u00f6nsten Aussicht in die Alpen.","robots":{"index":"index","follow":"follow","max-snippet":"max-snippet:-1","max-image-preview":"max-image-preview:large","max-video-preview":"max-video-preview:-1"},"canonical":"https:\/\/appartement-evolene.net\/appartement-de-vacances-a-louer-a-evolene\/de\/kontakt-chalet-bellevue-lodge-fewo-mieten-evolene\/","og_locale":"en_US","og_type":"article","og_title":"Kontakt | Chalet Bellevue Lodge FeWo zu mieten in Evol\u00e8ne","og_description":"Ihre Ferienwohnug zu mieten in Evol\u00e8ne in einem authentischen Walliser Chalet. Zur\u00fcck zur Natur mit Blick auf eine der sch\u00f6nsten Aussicht in die Alpen.","og_url":"https:\/\/appartement-evolene.net\/appartement-de-vacances-a-louer-a-evolene\/de\/kontakt-chalet-bellevue-lodge-fewo-mieten-evolene\/","og_site_name":"Camp de base I Appartement de vacances \u00e0 louer | H\u00e9rens,Valais","article_modified_time":"2023-11-01T06:01:32+00:00","og_image":[{"width":1500,"height":300,"url":"https:\/\/appartement-evolene.net\/wp-content\/uploads\/2019\/08\/Arolla_Tsarmine_Dent-Blanche.jpg","type":"image\/jpeg"}],"twitter_card":"summary_large_image","twitter_misc":{"Est. reading time":"1 minute"},"schema":{"@context":"https:\/\/schema.org","@graph":[{"@type":"WebPage","@id":"https:\/\/appartement-evolene.net\/appartement-de-vacances-a-louer-a-evolene\/de\/kontakt-chalet-bellevue-lodge-fewo-mieten-evolene\/","url":"https:\/\/appartement-evolene.net\/appartement-de-vacances-a-louer-a-evolene\/de\/kontakt-chalet-bellevue-lodge-fewo-mieten-evolene\/","name":"Kontakt | Chalet Bellevue Lodge FeWo zu mieten in Evol\u00e8ne","isPartOf":{"@id":"https:\/\/appartement-evolene.net\/appartement-de-vacances-a-louer-a-evolene\/#website"},"primaryImageOfPage":{"@id":"https:\/\/appartement-evolene.net\/appartement-de-vacances-a-louer-a-evolene\/de\/kontakt-chalet-bellevue-lodge-fewo-mieten-evolene\/#primaryimage"},"image":{"@id":"https:\/\/appartement-evolene.net\/appartement-de-vacances-a-louer-a-evolene\/de\/kontakt-chalet-bellevue-lodge-fewo-mieten-evolene\/#primaryimage"},"thumbnailUrl":"https:\/\/appartement-evolene.net\/wp-content\/uploads\/2019\/08\/Arolla_Tsarmine_Dent-Blanche.jpg","datePublished":"2019-08-22T11:56:05+00:00","dateModified":"2023-11-01T06:01:32+00:00","description":"Ihre Ferienwohnug zu mieten in Evol\u00e8ne in einem authentischen Walliser Chalet. Zur\u00fcck zur Natur mit Blick auf eine der sch\u00f6nsten Aussicht in die Alpen.","breadcrumb":{"@id":"https:\/\/appartement-evolene.net\/appartement-de-vacances-a-louer-a-evolene\/de\/kontakt-chalet-bellevue-lodge-fewo-mieten-evolene\/#breadcrumb"},"inLanguage":"en-US","potentialAction":[{"@type":"ReadAction","target":["https:\/\/appartement-evolene.net\/appartement-de-vacances-a-louer-a-evolene\/de\/kontakt-chalet-bellevue-lodge-fewo-mieten-evolene\/"]}]},{"@type":"ImageObject","inLanguage":"en-US","@id":"https:\/\/appartement-evolene.net\/appartement-de-vacances-a-louer-a-evolene\/de\/kontakt-chalet-bellevue-lodge-fewo-mieten-evolene\/#primaryimage","url":"https:\/\/appartement-evolene.net\/wp-content\/uploads\/2019\/08\/Arolla_Tsarmine_Dent-Blanche.jpg","contentUrl":"https:\/\/appartement-evolene.net\/wp-content\/uploads\/2019\/08\/Arolla_Tsarmine_Dent-Blanche.jpg","width":1500,"height":300,"caption":"Col de Tsarmine - vue sur la Dent Blanche (Evol\u00e8ne,H\u00e9rens,Valais)"},{"@type":"BreadcrumbList","@id":"https:\/\/appartement-evolene.net\/appartement-de-vacances-a-louer-a-evolene\/de\/kontakt-chalet-bellevue-lodge-fewo-mieten-evolene\/#breadcrumb","itemListElement":[{"@type":"ListItem","position":1,"name":"Accueil","item":"https:\/\/appartement-evolene.net\/appartement-de-vacances-a-louer-a-evolene\/"},{"@type":"ListItem","position":2,"name":"Kontakt"}]},{"@type":"WebSite","@id":"https:\/\/appartement-evolene.net\/appartement-de-vacances-a-louer-a-evolene\/#website","url":"https:\/\/appartement-evolene.net\/appartement-de-vacances-a-louer-a-evolene\/","name":"Camp de base I Appartement de vacances \u00e0 louer | H\u00e9rens,Valais","description":"Camp de base Evol\u00e8ne - Silence, Relax, Vue unique sur la Dent-Blanche (4\u2019357m)","publisher":{"@id":"https:\/\/appartement-evolene.net\/appartement-de-vacances-a-louer-a-evolene\/#\/schema\/person\/e7e5b75bc239a9008a8584fb5ae7419f"},"potentialAction":[{"@type":"SearchAction","target":{"@type":"EntryPoint","urlTemplate":"https:\/\/appartement-evolene.net\/appartement-de-vacances-a-louer-a-evolene\/?s={search_term_string}"},"query-input":{"@type":"PropertyValueSpecification","valueRequired":true,"valueName":"search_term_string"}}],"inLanguage":"en-US"},{"@type":["Person","Organization"],"@id":"https:\/\/appartement-evolene.net\/appartement-de-vacances-a-louer-a-evolene\/#\/schema\/person\/e7e5b75bc239a9008a8584fb5ae7419f","name":"pascal.gaudin@netplus.ch","image":{"@type":"ImageObject","inLanguage":"en-US","@id":"https:\/\/secure.gravatar.com\/avatar\/08c1e8f052b13e1bbe011685899b7c70094b2391fede675d99ca3613cb1c51ab?s=96&d=mm&r=g","url":"https:\/\/secure.gravatar.com\/avatar\/08c1e8f052b13e1bbe011685899b7c70094b2391fede675d99ca3613cb1c51ab?s=96&d=mm&r=g","contentUrl":"https:\/\/secure.gravatar.com\/avatar\/08c1e8f052b13e1bbe011685899b7c70094b2391fede675d99ca3613cb1c51ab?s=96&d=mm&r=g","caption":"pascal.gaudin@netplus.ch"},"logo":{"@id":"https:\/\/secure.gravatar.com\/avatar\/08c1e8f052b13e1bbe011685899b7c70094b2391fede675d99ca3613cb1c51ab?s=96&d=mm&r=g"}}]}},"_links":{"self":[{"href":"https:\/\/appartement-evolene.net\/appartement-de-vacances-a-louer-a-evolene\/wp-json\/wp\/v2\/pages\/671","targetHints":{"allow":["GET"]}}],"collection":[{"href":"https:\/\/appartement-evolene.net\/appartement-de-vacances-a-louer-a-evolene\/wp-json\/wp\/v2\/pages"}],"about":[{"href":"https:\/\/appartement-evolene.net\/appartement-de-vacances-a-louer-a-evolene\/wp-json\/wp\/v2\/types\/page"}],"author":[{"embeddable":true,"href":"https:\/\/appartement-evolene.net\/appartement-de-vacances-a-louer-a-evolene\/wp-json\/wp\/v2\/users\/1"}],"replies":[{"embeddable":true,"href":"https:\/\/appartement-evolene.net\/appartement-de-vacances-a-louer-a-evolene\/wp-json\/wp\/v2\/comments?post=671"}],"version-history":[{"count":5,"href":"https:\/\/appartement-evolene.net\/appartement-de-vacances-a-louer-a-evolene\/wp-json\/wp\/v2\/pages\/671\/revisions"}],"predecessor-version":[{"id":1047,"href":"https:\/\/appartement-evolene.net\/appartement-de-vacances-a-louer-a-evolene\/wp-json\/wp\/v2\/pages\/671\/revisions\/1047"}],"wp:featuredmedia":[{"embeddable":true,"href":"https:\/\/appartement-evolene.net\/appartement-de-vacances-a-louer-a-evolene\/wp-json\/wp\/v2\/media\/580"}],"wp:attachment":[{"href":"https:\/\/appartement-evolene.net\/appartement-de-vacances-a-louer-a-evolene\/wp-json\/wp\/v2\/media?parent=671"}],"curies":[{"name":"wp","href":"https:\/\/api.w.org\/{rel}","templated":true}]}}