{"id":662,"date":"2019-08-22T13:43:08","date_gmt":"2019-08-22T11:43:08","guid":{"rendered":"https:\/\/appartement-evolene.net\/appartement-de-vacances-a-louer-a-evolene\/?page_id=662"},"modified":"2023-06-10T17:27:38","modified_gmt":"2023-06-10T15:27:38","slug":"angebote-chalet-bellevue-ferienwohnung-mieten-evolene","status":"publish","type":"page","link":"https:\/\/appartement-evolene.net\/appartement-de-vacances-a-louer-a-evolene\/angebote-chalet-bellevue-ferienwohnung-mieten-evolene\/","title":{"rendered":"Angebote"},"content":{"rendered":"<h1>Langzeitrabatt<\/h1>\n<p>2 Wochen Miete -10%<br \/>\n3 Wochen Miete -20%<br \/>\n4 Wochen Miete -30%<\/p>\n","protected":false},"excerpt":{"rendered":"<p>Langzeitrabatt 2 Wochen Miete -10% 3 Wochen Miete -20% 4 Wochen Miete -30%<\/p>\n","protected":false},"author":1,"featured_media":580,"parent":0,"menu_order":0,"comment_status":"closed","ping_status":"closed","template":"","meta":{"footnotes":""},"class_list":["post-662","page","type-page","status-publish","has-post-thumbnail","hentry"],"yoast_head":"<!-- This site is optimized with the Yoast SEO plugin v27.3 - https:\/\/yoast.com\/product\/yoast-seo-wordpress\/ -->\n<title>Angebote - Camp de base I Appartement de vacances \u00e0 louer | H\u00e9rens,Valais<\/title>\n<meta name=\"description\" content=\"Angebote Chalet Bellevue FerienWohnung zu mieten in Evolene (Eringertal,Wallis,Schweiz) - Sie mieten 2 Wochen, Sie zahlen nur eine.\" \/>\n<meta name=\"robots\" content=\"index, follow, max-snippet:-1, max-image-preview:large, max-video-preview:-1\" \/>\n<link rel=\"canonical\" href=\"https:\/\/appartement-evolene.net\/appartement-de-vacances-a-louer-a-evolene\/de\/angebote-chalet-bellevue-ferienwohnung-mieten-evolene\/\" \/>\n<meta property=\"og:locale\" content=\"en_US\" \/>\n<meta property=\"og:type\" content=\"article\" \/>\n<meta property=\"og:title\" content=\"Angebote - Camp de base I Appartement de vacances \u00e0 louer | H\u00e9rens,Valais\" \/>\n<meta property=\"og:description\" content=\"Angebote Chalet Bellevue FerienWohnung zu mieten in Evolene (Eringertal,Wallis,Schweiz) - Sie mieten 2 Wochen, Sie zahlen nur eine.\" \/>\n<meta property=\"og:url\" content=\"https:\/\/appartement-evolene.net\/appartement-de-vacances-a-louer-a-evolene\/de\/angebote-chalet-bellevue-ferienwohnung-mieten-evolene\/\" \/>\n<meta property=\"og:site_name\" content=\"Camp de base I Appartement de vacances \u00e0 louer | H\u00e9rens,Valais\" \/>\n<meta property=\"article:modified_time\" content=\"2023-06-10T15:27:38+00:00\" \/>\n<meta property=\"og:image\" content=\"https:\/\/appartement-evolene.net\/wp-content\/uploads\/2019\/08\/Arolla_Tsarmine_Dent-Blanche.jpg\" \/>\n\t<meta property=\"og:image:width\" content=\"1500\" \/>\n\t<meta property=\"og:image:height\" content=\"300\" \/>\n\t<meta property=\"og:image:type\" content=\"image\/jpeg\" \/>\n<meta name=\"twitter:card\" content=\"summary_large_image\" \/>\n<meta name=\"twitter:label1\" content=\"Est. reading time\" \/>\n\t<meta name=\"twitter:data1\" content=\"1 minute\" \/>\n<script type=\"application\/ld+json\" class=\"yoast-schema-graph\">{\"@context\":\"https:\\\/\\\/schema.org\",\"@graph\":[{\"@type\":\"WebPage\",\"@id\":\"https:\\\/\\\/appartement-evolene.net\\\/appartement-de-vacances-a-louer-a-evolene\\\/de\\\/angebote-chalet-bellevue-ferienwohnung-mieten-evolene\\\/\",\"url\":\"https:\\\/\\\/appartement-evolene.net\\\/appartement-de-vacances-a-louer-a-evolene\\\/de\\\/angebote-chalet-bellevue-ferienwohnung-mieten-evolene\\\/\",\"name\":\"Angebote - Camp de base I Appartement de vacances \u00e0 louer | H\u00e9rens,Valais\",\"isPartOf\":{\"@id\":\"https:\\\/\\\/appartement-evolene.net\\\/appartement-de-vacances-a-louer-a-evolene\\\/#website\"},\"primaryImageOfPage\":{\"@id\":\"https:\\\/\\\/appartement-evolene.net\\\/appartement-de-vacances-a-louer-a-evolene\\\/de\\\/angebote-chalet-bellevue-ferienwohnung-mieten-evolene\\\/#primaryimage\"},\"image\":{\"@id\":\"https:\\\/\\\/appartement-evolene.net\\\/appartement-de-vacances-a-louer-a-evolene\\\/de\\\/angebote-chalet-bellevue-ferienwohnung-mieten-evolene\\\/#primaryimage\"},\"thumbnailUrl\":\"https:\\\/\\\/appartement-evolene.net\\\/wp-content\\\/uploads\\\/2019\\\/08\\\/Arolla_Tsarmine_Dent-Blanche.jpg\",\"datePublished\":\"2019-08-22T11:43:08+00:00\",\"dateModified\":\"2023-06-10T15:27:38+00:00\",\"description\":\"Angebote Chalet Bellevue FerienWohnung zu mieten in Evolene (Eringertal,Wallis,Schweiz) - Sie mieten 2 Wochen, Sie zahlen nur eine.\",\"breadcrumb\":{\"@id\":\"https:\\\/\\\/appartement-evolene.net\\\/appartement-de-vacances-a-louer-a-evolene\\\/de\\\/angebote-chalet-bellevue-ferienwohnung-mieten-evolene\\\/#breadcrumb\"},\"inLanguage\":\"en-US\",\"potentialAction\":[{\"@type\":\"ReadAction\",\"target\":[\"https:\\\/\\\/appartement-evolene.net\\\/appartement-de-vacances-a-louer-a-evolene\\\/de\\\/angebote-chalet-bellevue-ferienwohnung-mieten-evolene\\\/\"]}]},{\"@type\":\"ImageObject\",\"inLanguage\":\"en-US\",\"@id\":\"https:\\\/\\\/appartement-evolene.net\\\/appartement-de-vacances-a-louer-a-evolene\\\/de\\\/angebote-chalet-bellevue-ferienwohnung-mieten-evolene\\\/#primaryimage\",\"url\":\"https:\\\/\\\/appartement-evolene.net\\\/wp-content\\\/uploads\\\/2019\\\/08\\\/Arolla_Tsarmine_Dent-Blanche.jpg\",\"contentUrl\":\"https:\\\/\\\/appartement-evolene.net\\\/wp-content\\\/uploads\\\/2019\\\/08\\\/Arolla_Tsarmine_Dent-Blanche.jpg\",\"width\":1500,\"height\":300,\"caption\":\"Col de Tsarmine - vue sur la Dent Blanche (Evol\u00e8ne,H\u00e9rens,Valais)\"},{\"@type\":\"BreadcrumbList\",\"@id\":\"https:\\\/\\\/appartement-evolene.net\\\/appartement-de-vacances-a-louer-a-evolene\\\/de\\\/angebote-chalet-bellevue-ferienwohnung-mieten-evolene\\\/#breadcrumb\",\"itemListElement\":[{\"@type\":\"ListItem\",\"position\":1,\"name\":\"Accueil\",\"item\":\"https:\\\/\\\/appartement-evolene.net\\\/appartement-de-vacances-a-louer-a-evolene\\\/\"},{\"@type\":\"ListItem\",\"position\":2,\"name\":\"Angebote\"}]},{\"@type\":\"WebSite\",\"@id\":\"https:\\\/\\\/appartement-evolene.net\\\/appartement-de-vacances-a-louer-a-evolene\\\/#website\",\"url\":\"https:\\\/\\\/appartement-evolene.net\\\/appartement-de-vacances-a-louer-a-evolene\\\/\",\"name\":\"Camp de base I Appartement de vacances \u00e0 louer | H\u00e9rens,Valais\",\"description\":\"Camp de base Evol\u00e8ne - Silence, Relax, Vue unique sur la Dent-Blanche (4\u2019357m)\",\"publisher\":{\"@id\":\"https:\\\/\\\/appartement-evolene.net\\\/appartement-de-vacances-a-louer-a-evolene\\\/#\\\/schema\\\/person\\\/e7e5b75bc239a9008a8584fb5ae7419f\"},\"potentialAction\":[{\"@type\":\"SearchAction\",\"target\":{\"@type\":\"EntryPoint\",\"urlTemplate\":\"https:\\\/\\\/appartement-evolene.net\\\/appartement-de-vacances-a-louer-a-evolene\\\/?s={search_term_string}\"},\"query-input\":{\"@type\":\"PropertyValueSpecification\",\"valueRequired\":true,\"valueName\":\"search_term_string\"}}],\"inLanguage\":\"en-US\"},{\"@type\":[\"Person\",\"Organization\"],\"@id\":\"https:\\\/\\\/appartement-evolene.net\\\/appartement-de-vacances-a-louer-a-evolene\\\/#\\\/schema\\\/person\\\/e7e5b75bc239a9008a8584fb5ae7419f\",\"name\":\"pascal.gaudin@netplus.ch\",\"image\":{\"@type\":\"ImageObject\",\"inLanguage\":\"en-US\",\"@id\":\"https:\\\/\\\/secure.gravatar.com\\\/avatar\\\/08c1e8f052b13e1bbe011685899b7c70094b2391fede675d99ca3613cb1c51ab?s=96&d=mm&r=g\",\"url\":\"https:\\\/\\\/secure.gravatar.com\\\/avatar\\\/08c1e8f052b13e1bbe011685899b7c70094b2391fede675d99ca3613cb1c51ab?s=96&d=mm&r=g\",\"contentUrl\":\"https:\\\/\\\/secure.gravatar.com\\\/avatar\\\/08c1e8f052b13e1bbe011685899b7c70094b2391fede675d99ca3613cb1c51ab?s=96&d=mm&r=g\",\"caption\":\"pascal.gaudin@netplus.ch\"},\"logo\":{\"@id\":\"https:\\\/\\\/secure.gravatar.com\\\/avatar\\\/08c1e8f052b13e1bbe011685899b7c70094b2391fede675d99ca3613cb1c51ab?s=96&d=mm&r=g\"}}]}<\/script>\n<!-- \/ Yoast SEO plugin. -->","yoast_head_json":{"title":"Angebote - Camp de base I Appartement de vacances \u00e0 louer | H\u00e9rens,Valais","description":"Angebote Chalet Bellevue FerienWohnung zu mieten in Evolene (Eringertal,Wallis,Schweiz) - Sie mieten 2 Wochen, Sie zahlen nur eine.","robots":{"index":"index","follow":"follow","max-snippet":"max-snippet:-1","max-image-preview":"max-image-preview:large","max-video-preview":"max-video-preview:-1"},"canonical":"https:\/\/appartement-evolene.net\/appartement-de-vacances-a-louer-a-evolene\/de\/angebote-chalet-bellevue-ferienwohnung-mieten-evolene\/","og_locale":"en_US","og_type":"article","og_title":"Angebote - Camp de base I Appartement de vacances \u00e0 louer | H\u00e9rens,Valais","og_description":"Angebote Chalet Bellevue FerienWohnung zu mieten in Evolene (Eringertal,Wallis,Schweiz) - Sie mieten 2 Wochen, Sie zahlen nur eine.","og_url":"https:\/\/appartement-evolene.net\/appartement-de-vacances-a-louer-a-evolene\/de\/angebote-chalet-bellevue-ferienwohnung-mieten-evolene\/","og_site_name":"Camp de base I Appartement de vacances \u00e0 louer | H\u00e9rens,Valais","article_modified_time":"2023-06-10T15:27:38+00:00","og_image":[{"width":1500,"height":300,"url":"https:\/\/appartement-evolene.net\/wp-content\/uploads\/2019\/08\/Arolla_Tsarmine_Dent-Blanche.jpg","type":"image\/jpeg"}],"twitter_card":"summary_large_image","twitter_misc":{"Est. reading time":"1 minute"},"schema":{"@context":"https:\/\/schema.org","@graph":[{"@type":"WebPage","@id":"https:\/\/appartement-evolene.net\/appartement-de-vacances-a-louer-a-evolene\/de\/angebote-chalet-bellevue-ferienwohnung-mieten-evolene\/","url":"https:\/\/appartement-evolene.net\/appartement-de-vacances-a-louer-a-evolene\/de\/angebote-chalet-bellevue-ferienwohnung-mieten-evolene\/","name":"Angebote - Camp de base I Appartement de vacances \u00e0 louer | H\u00e9rens,Valais","isPartOf":{"@id":"https:\/\/appartement-evolene.net\/appartement-de-vacances-a-louer-a-evolene\/#website"},"primaryImageOfPage":{"@id":"https:\/\/appartement-evolene.net\/appartement-de-vacances-a-louer-a-evolene\/de\/angebote-chalet-bellevue-ferienwohnung-mieten-evolene\/#primaryimage"},"image":{"@id":"https:\/\/appartement-evolene.net\/appartement-de-vacances-a-louer-a-evolene\/de\/angebote-chalet-bellevue-ferienwohnung-mieten-evolene\/#primaryimage"},"thumbnailUrl":"https:\/\/appartement-evolene.net\/wp-content\/uploads\/2019\/08\/Arolla_Tsarmine_Dent-Blanche.jpg","datePublished":"2019-08-22T11:43:08+00:00","dateModified":"2023-06-10T15:27:38+00:00","description":"Angebote Chalet Bellevue FerienWohnung zu mieten in Evolene (Eringertal,Wallis,Schweiz) - Sie mieten 2 Wochen, Sie zahlen nur eine.","breadcrumb":{"@id":"https:\/\/appartement-evolene.net\/appartement-de-vacances-a-louer-a-evolene\/de\/angebote-chalet-bellevue-ferienwohnung-mieten-evolene\/#breadcrumb"},"inLanguage":"en-US","potentialAction":[{"@type":"ReadAction","target":["https:\/\/appartement-evolene.net\/appartement-de-vacances-a-louer-a-evolene\/de\/angebote-chalet-bellevue-ferienwohnung-mieten-evolene\/"]}]},{"@type":"ImageObject","inLanguage":"en-US","@id":"https:\/\/appartement-evolene.net\/appartement-de-vacances-a-louer-a-evolene\/de\/angebote-chalet-bellevue-ferienwohnung-mieten-evolene\/#primaryimage","url":"https:\/\/appartement-evolene.net\/wp-content\/uploads\/2019\/08\/Arolla_Tsarmine_Dent-Blanche.jpg","contentUrl":"https:\/\/appartement-evolene.net\/wp-content\/uploads\/2019\/08\/Arolla_Tsarmine_Dent-Blanche.jpg","width":1500,"height":300,"caption":"Col de Tsarmine - vue sur la Dent Blanche (Evol\u00e8ne,H\u00e9rens,Valais)"},{"@type":"BreadcrumbList","@id":"https:\/\/appartement-evolene.net\/appartement-de-vacances-a-louer-a-evolene\/de\/angebote-chalet-bellevue-ferienwohnung-mieten-evolene\/#breadcrumb","itemListElement":[{"@type":"ListItem","position":1,"name":"Accueil","item":"https:\/\/appartement-evolene.net\/appartement-de-vacances-a-louer-a-evolene\/"},{"@type":"ListItem","position":2,"name":"Angebote"}]},{"@type":"WebSite","@id":"https:\/\/appartement-evolene.net\/appartement-de-vacances-a-louer-a-evolene\/#website","url":"https:\/\/appartement-evolene.net\/appartement-de-vacances-a-louer-a-evolene\/","name":"Camp de base I Appartement de vacances \u00e0 louer | H\u00e9rens,Valais","description":"Camp de base Evol\u00e8ne - Silence, Relax, Vue unique sur la Dent-Blanche (4\u2019357m)","publisher":{"@id":"https:\/\/appartement-evolene.net\/appartement-de-vacances-a-louer-a-evolene\/#\/schema\/person\/e7e5b75bc239a9008a8584fb5ae7419f"},"potentialAction":[{"@type":"SearchAction","target":{"@type":"EntryPoint","urlTemplate":"https:\/\/appartement-evolene.net\/appartement-de-vacances-a-louer-a-evolene\/?s={search_term_string}"},"query-input":{"@type":"PropertyValueSpecification","valueRequired":true,"valueName":"search_term_string"}}],"inLanguage":"en-US"},{"@type":["Person","Organization"],"@id":"https:\/\/appartement-evolene.net\/appartement-de-vacances-a-louer-a-evolene\/#\/schema\/person\/e7e5b75bc239a9008a8584fb5ae7419f","name":"pascal.gaudin@netplus.ch","image":{"@type":"ImageObject","inLanguage":"en-US","@id":"https:\/\/secure.gravatar.com\/avatar\/08c1e8f052b13e1bbe011685899b7c70094b2391fede675d99ca3613cb1c51ab?s=96&d=mm&r=g","url":"https:\/\/secure.gravatar.com\/avatar\/08c1e8f052b13e1bbe011685899b7c70094b2391fede675d99ca3613cb1c51ab?s=96&d=mm&r=g","contentUrl":"https:\/\/secure.gravatar.com\/avatar\/08c1e8f052b13e1bbe011685899b7c70094b2391fede675d99ca3613cb1c51ab?s=96&d=mm&r=g","caption":"pascal.gaudin@netplus.ch"},"logo":{"@id":"https:\/\/secure.gravatar.com\/avatar\/08c1e8f052b13e1bbe011685899b7c70094b2391fede675d99ca3613cb1c51ab?s=96&d=mm&r=g"}}]}},"_links":{"self":[{"href":"https:\/\/appartement-evolene.net\/appartement-de-vacances-a-louer-a-evolene\/wp-json\/wp\/v2\/pages\/662","targetHints":{"allow":["GET"]}}],"collection":[{"href":"https:\/\/appartement-evolene.net\/appartement-de-vacances-a-louer-a-evolene\/wp-json\/wp\/v2\/pages"}],"about":[{"href":"https:\/\/appartement-evolene.net\/appartement-de-vacances-a-louer-a-evolene\/wp-json\/wp\/v2\/types\/page"}],"author":[{"embeddable":true,"href":"https:\/\/appartement-evolene.net\/appartement-de-vacances-a-louer-a-evolene\/wp-json\/wp\/v2\/users\/1"}],"replies":[{"embeddable":true,"href":"https:\/\/appartement-evolene.net\/appartement-de-vacances-a-louer-a-evolene\/wp-json\/wp\/v2\/comments?post=662"}],"version-history":[{"count":5,"href":"https:\/\/appartement-evolene.net\/appartement-de-vacances-a-louer-a-evolene\/wp-json\/wp\/v2\/pages\/662\/revisions"}],"predecessor-version":[{"id":974,"href":"https:\/\/appartement-evolene.net\/appartement-de-vacances-a-louer-a-evolene\/wp-json\/wp\/v2\/pages\/662\/revisions\/974"}],"wp:featuredmedia":[{"embeddable":true,"href":"https:\/\/appartement-evolene.net\/appartement-de-vacances-a-louer-a-evolene\/wp-json\/wp\/v2\/media\/580"}],"wp:attachment":[{"href":"https:\/\/appartement-evolene.net\/appartement-de-vacances-a-louer-a-evolene\/wp-json\/wp\/v2\/media?parent=662"}],"curies":[{"name":"wp","href":"https:\/\/api.w.org\/{rel}","templated":true}]}}