{"id":655,"date":"2019-08-22T13:20:59","date_gmt":"2019-08-22T11:20:59","guid":{"rendered":"https:\/\/appartement-evolene.net\/appartement-de-vacances-a-louer-a-evolene\/?page_id=655"},"modified":"2024-05-26T13:50:55","modified_gmt":"2024-05-26T11:50:55","slug":"preise-mietbedigungen-chalet-bellevue-ferienwohunug-evolene","status":"publish","type":"page","link":"https:\/\/appartement-evolene.net\/appartement-de-vacances-a-louer-a-evolene\/preise-mietbedigungen-chalet-bellevue-ferienwohunug-evolene\/","title":{"rendered":"Preise &#038; Mietbedigungen"},"content":{"rendered":"<p><div class=\"pricing_table pcol4\">\n<div class=\"price_col \" style=\"background-color:#373838 !important;\">\n<div class=\"th\">Weihnachten-Neujahr-Fasching<\/div>\n<div class=\"td\">CHF 1&#8217;490.00\/Woche<\/div>\n<\/div>\n<div class=\"price_col \" style=\"background-color:#009fd6 !important;\">\n<div class=\"th\">Hochsaison<\/div>\n<div class=\"td\">CHF 1&#8217;290.00\/Woche<\/div>\n<\/div>\n<div class=\"price_col \" style=\"background-color:#83672b  !important;\">\n<div class=\"th\">Saison<\/div>\n<div class=\"td\">CHF 990.00\/Woche<\/div>\n<\/div>\n<div class=\"clear\"><\/div><\/div><br \/>\nHOCHSAISON 2024 : 1. Juli-1. Sep.<br \/>\nHOCHSAISON 2025 : 1. Februar-1. M\u00e4rz, 28.Juni-30. Aug.<br \/>\nNEBENSAISON : Andere Wochen<\/p>\n<p>F\u00fcr Anmietungen von l\u00e4ngerer Dauer wird ein Rabatt von 10% f\u00fcr zus\u00e4tzliche Woche angewendet .<br \/>\nAufenthalte unter 7 N\u00e4chte m\u00f6glich nur f\u00fcr &#8220;Last Minute&#8221; Buchungen.<br \/>\nWochenweise Vermietung von Samstag 16 Uhr bis bis zum folgenden Samstag 9 Uhr<br \/>\nNebenkosten : Heiz- und Elektrizit\u00e4tskosten, Kurtaxe.<br \/>\nOptionen : Holz und Hofen, Endreinigung und Bettw\u00e4sche<\/p>\n<p><strong>Zahlungsbedingungen<\/strong><\/p>\n<p>Bettw\u00e4sche wird auf Wunsch und gegen ein Entgelt von CHF 35.00 pro Garnitur zur Verf\u00fcgung gestellt.<\/p>\n<p>Anzahlung: 50 % des Mietpreises, f\u00e4llig zum Zeitpunkt der Reservation; die geleistete Anzahlung dient gleichzeitig als Reservationsbest\u00e4tigung. Der gesamte Betrag ist vorab zu entrichten wenn der Mietpreis CHF 350.00 nicht \u00fcbersteigt. Die Anzahlung musst auf das Konto CH73 0840 1000 0622 2712 2 eingezahlt weden, oder mit <a href=\"https:\/\/alpes-pures.com\/de\" target=\"_blank\" rel=\"noopener noreferrer\">Reservierung System<\/a>. Die Reservation ist erst nach dem Erhalt der Anzahlung g\u00fcltig und definitiv.<\/p>\n<p><strong>Annullierung<\/strong><\/p>\n<p>Im Falle einer Annullierung mehr als 30 Tage vor Mietbeginn ist der Mieter zur Zahlung von 50 % des Mietpreises verpflichtet. Im Falle einer Annullierung weniger als 30 Tage vor Mietbeginn oder im Falle einer vorzeitigen Abreise ist der Mieter verpflichtet, den gesamten vereinbarten Mietpreis zu bezahlen.<\/p>\n<p><strong>Kaution<\/strong><br \/>\nEine Anzahlung von CHF 300.00\/EUR 350.00 am Anfang des Wohnsitzes als Sicherheiten f\u00fcr St\u00e4nde-werden ist ben\u00f6tigt<\/p>\n<p><strong>Allgemeinen Bedingungen<\/strong><\/p>\n<p>Die R\u00e4umlichkeiten in ihrem urspr\u00fcnglichen Zustand zu belassen und nach Ablauf des Mietvertrags das Mietobjekt einschliesslich vollst\u00e4ndigem Inventar in perfekt aufger\u00e4umtem und sauberem Zustand zu \u00fcbergeben. Im gegenteiligen Fall wird die nachtr\u00e4gliche Reinigung mit CHF 120.00 in Rechnung gestellt<\/p>\n<p>Der Mieter ist durch eine Privathaftpflichtversicherung versichert.<\/p>\n<p>Im Fall der folgenden, innerhalb des Mietobjekts oder in dessen Umgebung vorfallenden Ereignisse schliesst der Eigent\u00fcmer jegliche Haftung aus: Unfall, Verlust oder Besch\u00e4digung von Eigentum, Diebstahl, sowie andere Sch\u00e4digungen und Nachteile und jeglicher Bel\u00e4stigung, die von au\u00dferhalb des Grundst\u00fccks kommt.<\/p>\n<p>Im Falle von Ereignissen von h\u00f6herer Gewalt wie Krieg, Naturkatastrophen, Unwetter oder Feuer kann der Eigent\u00fcmer den Mietvertrag ohne die Leistung einer Entsch\u00e4digung annullieren. In diesem Fall wird dem Mieter der bereits gezahlte Betrag zur\u00fcckerstattet.<\/p>\n<p>Die allgemeinen Bedingungen unterstehen schweizerischem Recht und der Gerichtsstand ist Sitten (VS).<\/p>\n","protected":false},"excerpt":{"rendered":"<p>HOCHSAISON 2024 : 1. Juli-1. Sep. HOCHSAISON 2025 : 1. Februar-1. M\u00e4rz, 28.Juni-30. Aug. NEBENSAISON : Andere Wochen F\u00fcr Anmietungen von l\u00e4ngerer Dauer wird ein Rabatt von 10% f\u00fcr zus\u00e4tzliche Woche angewendet . Aufenthalte unter 7 N\u00e4chte m\u00f6glich nur f\u00fcr&#8230; <\/p>\n","protected":false},"author":1,"featured_media":583,"parent":0,"menu_order":0,"comment_status":"closed","ping_status":"closed","template":"","meta":{"footnotes":""},"class_list":["post-655","page","type-page","status-publish","has-post-thumbnail","hentry"],"yoast_head":"<!-- This site is optimized with the Yoast SEO plugin v27.3 - https:\/\/yoast.com\/product\/yoast-seo-wordpress\/ -->\n<title>Preise &amp; Mietbedigungen - Camp de base I Appartement de vacances \u00e0 louer | H\u00e9rens,Valais<\/title>\n<meta name=\"description\" content=\"Ihre Ferienwohnug zu mieten in Evol\u00e8ne in einem authentischen Walliser Chalet. Zur\u00fcck zur Natur mit Blick auf eine der sch\u00f6nsten Aussicht in die Alpen.\" \/>\n<meta name=\"robots\" content=\"index, follow, max-snippet:-1, max-image-preview:large, max-video-preview:-1\" \/>\n<link rel=\"canonical\" href=\"https:\/\/appartement-evolene.net\/appartement-de-vacances-a-louer-a-evolene\/de\/preise-mietbedigungen-chalet-bellevue-ferienwohunug-evolene\/\" \/>\n<meta property=\"og:locale\" content=\"en_US\" \/>\n<meta property=\"og:type\" content=\"article\" \/>\n<meta property=\"og:title\" content=\"Preise &amp; Mietbedigungen - Camp de base I Appartement de vacances \u00e0 louer | H\u00e9rens,Valais\" \/>\n<meta property=\"og:description\" content=\"Ihre Ferienwohnug zu mieten in Evol\u00e8ne in einem authentischen Walliser Chalet. Zur\u00fcck zur Natur mit Blick auf eine der sch\u00f6nsten Aussicht in die Alpen.\" \/>\n<meta property=\"og:url\" content=\"https:\/\/appartement-evolene.net\/appartement-de-vacances-a-louer-a-evolene\/de\/preise-mietbedigungen-chalet-bellevue-ferienwohunug-evolene\/\" \/>\n<meta property=\"og:site_name\" content=\"Camp de base I Appartement de vacances \u00e0 louer | H\u00e9rens,Valais\" \/>\n<meta property=\"article:modified_time\" content=\"2024-05-26T11:50:55+00:00\" \/>\n<meta property=\"og:image\" content=\"https:\/\/appartement-evolene.net\/wp-content\/uploads\/2019\/08\/Vallon_de_Ferpecle_Dent_Blanche.jpg\" \/>\n\t<meta property=\"og:image:width\" content=\"1500\" \/>\n\t<meta property=\"og:image:height\" content=\"300\" \/>\n\t<meta property=\"og:image:type\" content=\"image\/jpeg\" \/>\n<meta name=\"twitter:card\" content=\"summary_large_image\" \/>\n<meta name=\"twitter:label1\" content=\"Est. reading time\" \/>\n\t<meta name=\"twitter:data1\" content=\"3 minutes\" \/>\n<script type=\"application\/ld+json\" class=\"yoast-schema-graph\">{\"@context\":\"https:\\\/\\\/schema.org\",\"@graph\":[{\"@type\":\"WebPage\",\"@id\":\"https:\\\/\\\/appartement-evolene.net\\\/appartement-de-vacances-a-louer-a-evolene\\\/de\\\/preise-mietbedigungen-chalet-bellevue-ferienwohunug-evolene\\\/\",\"url\":\"https:\\\/\\\/appartement-evolene.net\\\/appartement-de-vacances-a-louer-a-evolene\\\/de\\\/preise-mietbedigungen-chalet-bellevue-ferienwohunug-evolene\\\/\",\"name\":\"Preise & Mietbedigungen - Camp de base I Appartement de vacances \u00e0 louer | H\u00e9rens,Valais\",\"isPartOf\":{\"@id\":\"https:\\\/\\\/appartement-evolene.net\\\/appartement-de-vacances-a-louer-a-evolene\\\/#website\"},\"primaryImageOfPage\":{\"@id\":\"https:\\\/\\\/appartement-evolene.net\\\/appartement-de-vacances-a-louer-a-evolene\\\/de\\\/preise-mietbedigungen-chalet-bellevue-ferienwohunug-evolene\\\/#primaryimage\"},\"image\":{\"@id\":\"https:\\\/\\\/appartement-evolene.net\\\/appartement-de-vacances-a-louer-a-evolene\\\/de\\\/preise-mietbedigungen-chalet-bellevue-ferienwohunug-evolene\\\/#primaryimage\"},\"thumbnailUrl\":\"https:\\\/\\\/appartement-evolene.net\\\/wp-content\\\/uploads\\\/2019\\\/08\\\/Vallon_de_Ferpecle_Dent_Blanche.jpg\",\"datePublished\":\"2019-08-22T11:20:59+00:00\",\"dateModified\":\"2024-05-26T11:50:55+00:00\",\"description\":\"Ihre Ferienwohnug zu mieten in Evol\u00e8ne in einem authentischen Walliser Chalet. Zur\u00fcck zur Natur mit Blick auf eine der sch\u00f6nsten Aussicht in die Alpen.\",\"breadcrumb\":{\"@id\":\"https:\\\/\\\/appartement-evolene.net\\\/appartement-de-vacances-a-louer-a-evolene\\\/de\\\/preise-mietbedigungen-chalet-bellevue-ferienwohunug-evolene\\\/#breadcrumb\"},\"inLanguage\":\"en-US\",\"potentialAction\":[{\"@type\":\"ReadAction\",\"target\":[\"https:\\\/\\\/appartement-evolene.net\\\/appartement-de-vacances-a-louer-a-evolene\\\/de\\\/preise-mietbedigungen-chalet-bellevue-ferienwohunug-evolene\\\/\"]}]},{\"@type\":\"ImageObject\",\"inLanguage\":\"en-US\",\"@id\":\"https:\\\/\\\/appartement-evolene.net\\\/appartement-de-vacances-a-louer-a-evolene\\\/de\\\/preise-mietbedigungen-chalet-bellevue-ferienwohunug-evolene\\\/#primaryimage\",\"url\":\"https:\\\/\\\/appartement-evolene.net\\\/wp-content\\\/uploads\\\/2019\\\/08\\\/Vallon_de_Ferpecle_Dent_Blanche.jpg\",\"contentUrl\":\"https:\\\/\\\/appartement-evolene.net\\\/wp-content\\\/uploads\\\/2019\\\/08\\\/Vallon_de_Ferpecle_Dent_Blanche.jpg\",\"width\":1500,\"height\":300,\"caption\":\"Ferp\u00e8cle - vue sur la Dent-Blanche (Evol\u00e8ne,H\u00e9rens,Valais)\"},{\"@type\":\"BreadcrumbList\",\"@id\":\"https:\\\/\\\/appartement-evolene.net\\\/appartement-de-vacances-a-louer-a-evolene\\\/de\\\/preise-mietbedigungen-chalet-bellevue-ferienwohunug-evolene\\\/#breadcrumb\",\"itemListElement\":[{\"@type\":\"ListItem\",\"position\":1,\"name\":\"Accueil\",\"item\":\"https:\\\/\\\/appartement-evolene.net\\\/appartement-de-vacances-a-louer-a-evolene\\\/\"},{\"@type\":\"ListItem\",\"position\":2,\"name\":\"Preise &#038; Mietbedigungen\"}]},{\"@type\":\"WebSite\",\"@id\":\"https:\\\/\\\/appartement-evolene.net\\\/appartement-de-vacances-a-louer-a-evolene\\\/#website\",\"url\":\"https:\\\/\\\/appartement-evolene.net\\\/appartement-de-vacances-a-louer-a-evolene\\\/\",\"name\":\"Camp de base I Appartement de vacances \u00e0 louer | H\u00e9rens,Valais\",\"description\":\"Camp de base Evol\u00e8ne - Silence, Relax, Vue unique sur la Dent-Blanche (4\u2019357m)\",\"publisher\":{\"@id\":\"https:\\\/\\\/appartement-evolene.net\\\/appartement-de-vacances-a-louer-a-evolene\\\/#\\\/schema\\\/person\\\/e7e5b75bc239a9008a8584fb5ae7419f\"},\"potentialAction\":[{\"@type\":\"SearchAction\",\"target\":{\"@type\":\"EntryPoint\",\"urlTemplate\":\"https:\\\/\\\/appartement-evolene.net\\\/appartement-de-vacances-a-louer-a-evolene\\\/?s={search_term_string}\"},\"query-input\":{\"@type\":\"PropertyValueSpecification\",\"valueRequired\":true,\"valueName\":\"search_term_string\"}}],\"inLanguage\":\"en-US\"},{\"@type\":[\"Person\",\"Organization\"],\"@id\":\"https:\\\/\\\/appartement-evolene.net\\\/appartement-de-vacances-a-louer-a-evolene\\\/#\\\/schema\\\/person\\\/e7e5b75bc239a9008a8584fb5ae7419f\",\"name\":\"pascal.gaudin@netplus.ch\",\"image\":{\"@type\":\"ImageObject\",\"inLanguage\":\"en-US\",\"@id\":\"https:\\\/\\\/secure.gravatar.com\\\/avatar\\\/08c1e8f052b13e1bbe011685899b7c70094b2391fede675d99ca3613cb1c51ab?s=96&d=mm&r=g\",\"url\":\"https:\\\/\\\/secure.gravatar.com\\\/avatar\\\/08c1e8f052b13e1bbe011685899b7c70094b2391fede675d99ca3613cb1c51ab?s=96&d=mm&r=g\",\"contentUrl\":\"https:\\\/\\\/secure.gravatar.com\\\/avatar\\\/08c1e8f052b13e1bbe011685899b7c70094b2391fede675d99ca3613cb1c51ab?s=96&d=mm&r=g\",\"caption\":\"pascal.gaudin@netplus.ch\"},\"logo\":{\"@id\":\"https:\\\/\\\/secure.gravatar.com\\\/avatar\\\/08c1e8f052b13e1bbe011685899b7c70094b2391fede675d99ca3613cb1c51ab?s=96&d=mm&r=g\"}}]}<\/script>\n<!-- \/ Yoast SEO plugin. -->","yoast_head_json":{"title":"Preise & Mietbedigungen - Camp de base I Appartement de vacances \u00e0 louer | H\u00e9rens,Valais","description":"Ihre Ferienwohnug zu mieten in Evol\u00e8ne in einem authentischen Walliser Chalet. Zur\u00fcck zur Natur mit Blick auf eine der sch\u00f6nsten Aussicht in die Alpen.","robots":{"index":"index","follow":"follow","max-snippet":"max-snippet:-1","max-image-preview":"max-image-preview:large","max-video-preview":"max-video-preview:-1"},"canonical":"https:\/\/appartement-evolene.net\/appartement-de-vacances-a-louer-a-evolene\/de\/preise-mietbedigungen-chalet-bellevue-ferienwohunug-evolene\/","og_locale":"en_US","og_type":"article","og_title":"Preise & Mietbedigungen - Camp de base I Appartement de vacances \u00e0 louer | H\u00e9rens,Valais","og_description":"Ihre Ferienwohnug zu mieten in Evol\u00e8ne in einem authentischen Walliser Chalet. Zur\u00fcck zur Natur mit Blick auf eine der sch\u00f6nsten Aussicht in die Alpen.","og_url":"https:\/\/appartement-evolene.net\/appartement-de-vacances-a-louer-a-evolene\/de\/preise-mietbedigungen-chalet-bellevue-ferienwohunug-evolene\/","og_site_name":"Camp de base I Appartement de vacances \u00e0 louer | H\u00e9rens,Valais","article_modified_time":"2024-05-26T11:50:55+00:00","og_image":[{"width":1500,"height":300,"url":"https:\/\/appartement-evolene.net\/wp-content\/uploads\/2019\/08\/Vallon_de_Ferpecle_Dent_Blanche.jpg","type":"image\/jpeg"}],"twitter_card":"summary_large_image","twitter_misc":{"Est. reading time":"3 minutes"},"schema":{"@context":"https:\/\/schema.org","@graph":[{"@type":"WebPage","@id":"https:\/\/appartement-evolene.net\/appartement-de-vacances-a-louer-a-evolene\/de\/preise-mietbedigungen-chalet-bellevue-ferienwohunug-evolene\/","url":"https:\/\/appartement-evolene.net\/appartement-de-vacances-a-louer-a-evolene\/de\/preise-mietbedigungen-chalet-bellevue-ferienwohunug-evolene\/","name":"Preise & Mietbedigungen - Camp de base I Appartement de vacances \u00e0 louer | H\u00e9rens,Valais","isPartOf":{"@id":"https:\/\/appartement-evolene.net\/appartement-de-vacances-a-louer-a-evolene\/#website"},"primaryImageOfPage":{"@id":"https:\/\/appartement-evolene.net\/appartement-de-vacances-a-louer-a-evolene\/de\/preise-mietbedigungen-chalet-bellevue-ferienwohunug-evolene\/#primaryimage"},"image":{"@id":"https:\/\/appartement-evolene.net\/appartement-de-vacances-a-louer-a-evolene\/de\/preise-mietbedigungen-chalet-bellevue-ferienwohunug-evolene\/#primaryimage"},"thumbnailUrl":"https:\/\/appartement-evolene.net\/wp-content\/uploads\/2019\/08\/Vallon_de_Ferpecle_Dent_Blanche.jpg","datePublished":"2019-08-22T11:20:59+00:00","dateModified":"2024-05-26T11:50:55+00:00","description":"Ihre Ferienwohnug zu mieten in Evol\u00e8ne in einem authentischen Walliser Chalet. Zur\u00fcck zur Natur mit Blick auf eine der sch\u00f6nsten Aussicht in die Alpen.","breadcrumb":{"@id":"https:\/\/appartement-evolene.net\/appartement-de-vacances-a-louer-a-evolene\/de\/preise-mietbedigungen-chalet-bellevue-ferienwohunug-evolene\/#breadcrumb"},"inLanguage":"en-US","potentialAction":[{"@type":"ReadAction","target":["https:\/\/appartement-evolene.net\/appartement-de-vacances-a-louer-a-evolene\/de\/preise-mietbedigungen-chalet-bellevue-ferienwohunug-evolene\/"]}]},{"@type":"ImageObject","inLanguage":"en-US","@id":"https:\/\/appartement-evolene.net\/appartement-de-vacances-a-louer-a-evolene\/de\/preise-mietbedigungen-chalet-bellevue-ferienwohunug-evolene\/#primaryimage","url":"https:\/\/appartement-evolene.net\/wp-content\/uploads\/2019\/08\/Vallon_de_Ferpecle_Dent_Blanche.jpg","contentUrl":"https:\/\/appartement-evolene.net\/wp-content\/uploads\/2019\/08\/Vallon_de_Ferpecle_Dent_Blanche.jpg","width":1500,"height":300,"caption":"Ferp\u00e8cle - vue sur la Dent-Blanche (Evol\u00e8ne,H\u00e9rens,Valais)"},{"@type":"BreadcrumbList","@id":"https:\/\/appartement-evolene.net\/appartement-de-vacances-a-louer-a-evolene\/de\/preise-mietbedigungen-chalet-bellevue-ferienwohunug-evolene\/#breadcrumb","itemListElement":[{"@type":"ListItem","position":1,"name":"Accueil","item":"https:\/\/appartement-evolene.net\/appartement-de-vacances-a-louer-a-evolene\/"},{"@type":"ListItem","position":2,"name":"Preise &#038; Mietbedigungen"}]},{"@type":"WebSite","@id":"https:\/\/appartement-evolene.net\/appartement-de-vacances-a-louer-a-evolene\/#website","url":"https:\/\/appartement-evolene.net\/appartement-de-vacances-a-louer-a-evolene\/","name":"Camp de base I Appartement de vacances \u00e0 louer | H\u00e9rens,Valais","description":"Camp de base Evol\u00e8ne - Silence, Relax, Vue unique sur la Dent-Blanche (4\u2019357m)","publisher":{"@id":"https:\/\/appartement-evolene.net\/appartement-de-vacances-a-louer-a-evolene\/#\/schema\/person\/e7e5b75bc239a9008a8584fb5ae7419f"},"potentialAction":[{"@type":"SearchAction","target":{"@type":"EntryPoint","urlTemplate":"https:\/\/appartement-evolene.net\/appartement-de-vacances-a-louer-a-evolene\/?s={search_term_string}"},"query-input":{"@type":"PropertyValueSpecification","valueRequired":true,"valueName":"search_term_string"}}],"inLanguage":"en-US"},{"@type":["Person","Organization"],"@id":"https:\/\/appartement-evolene.net\/appartement-de-vacances-a-louer-a-evolene\/#\/schema\/person\/e7e5b75bc239a9008a8584fb5ae7419f","name":"pascal.gaudin@netplus.ch","image":{"@type":"ImageObject","inLanguage":"en-US","@id":"https:\/\/secure.gravatar.com\/avatar\/08c1e8f052b13e1bbe011685899b7c70094b2391fede675d99ca3613cb1c51ab?s=96&d=mm&r=g","url":"https:\/\/secure.gravatar.com\/avatar\/08c1e8f052b13e1bbe011685899b7c70094b2391fede675d99ca3613cb1c51ab?s=96&d=mm&r=g","contentUrl":"https:\/\/secure.gravatar.com\/avatar\/08c1e8f052b13e1bbe011685899b7c70094b2391fede675d99ca3613cb1c51ab?s=96&d=mm&r=g","caption":"pascal.gaudin@netplus.ch"},"logo":{"@id":"https:\/\/secure.gravatar.com\/avatar\/08c1e8f052b13e1bbe011685899b7c70094b2391fede675d99ca3613cb1c51ab?s=96&d=mm&r=g"}}]}},"_links":{"self":[{"href":"https:\/\/appartement-evolene.net\/appartement-de-vacances-a-louer-a-evolene\/wp-json\/wp\/v2\/pages\/655","targetHints":{"allow":["GET"]}}],"collection":[{"href":"https:\/\/appartement-evolene.net\/appartement-de-vacances-a-louer-a-evolene\/wp-json\/wp\/v2\/pages"}],"about":[{"href":"https:\/\/appartement-evolene.net\/appartement-de-vacances-a-louer-a-evolene\/wp-json\/wp\/v2\/types\/page"}],"author":[{"embeddable":true,"href":"https:\/\/appartement-evolene.net\/appartement-de-vacances-a-louer-a-evolene\/wp-json\/wp\/v2\/users\/1"}],"replies":[{"embeddable":true,"href":"https:\/\/appartement-evolene.net\/appartement-de-vacances-a-louer-a-evolene\/wp-json\/wp\/v2\/comments?post=655"}],"version-history":[{"count":5,"href":"https:\/\/appartement-evolene.net\/appartement-de-vacances-a-louer-a-evolene\/wp-json\/wp\/v2\/pages\/655\/revisions"}],"predecessor-version":[{"id":1051,"href":"https:\/\/appartement-evolene.net\/appartement-de-vacances-a-louer-a-evolene\/wp-json\/wp\/v2\/pages\/655\/revisions\/1051"}],"wp:featuredmedia":[{"embeddable":true,"href":"https:\/\/appartement-evolene.net\/appartement-de-vacances-a-louer-a-evolene\/wp-json\/wp\/v2\/media\/583"}],"wp:attachment":[{"href":"https:\/\/appartement-evolene.net\/appartement-de-vacances-a-louer-a-evolene\/wp-json\/wp\/v2\/media?parent=655"}],"curies":[{"name":"wp","href":"https:\/\/api.w.org\/{rel}","templated":true}]}}