{"id":552,"date":"2019-08-17T08:34:36","date_gmt":"2019-08-17T06:34:36","guid":{"rendered":"https:\/\/appartement-evolene.net\/appartement-de-vacances-a-louer-a-evolene\/?page_id=552"},"modified":"2023-08-27T16:06:36","modified_gmt":"2023-08-27T14:06:36","slug":"camp-de-base-evolene-webcam","status":"publish","type":"page","link":"https:\/\/appartement-evolene.net\/appartement-de-vacances-a-louer-a-evolene\/camp-de-base-evolene-webcam\/","title":{"rendered":"Camp de Base Evolene Webcam &#8211; Live View"},"content":{"rendered":"<h2>View on the Dent-Blanche and Dents de Veisivi<\/h2>\n<p><img decoding=\"async\" src=\"https:\/\/www.evolene.net\/webcam\/webcam1\/webcamevolene.jpg\" alt=\"Bellevue Lodge Evolene Webcam - Live View\" title=\"WEBCAM BELLEVUE LODGE EVOLENE - View on the Dent-Blanche and Dents de Veisivi from Chalet Bellevue Lodge in Evol\u00e8ne\"><\/p>\n<p><a href=\"http:\/\/www.lookr.com\/fr\/lookout\/1227262731-Evol%C3%A8ne#action-play-day\" target=\"_blank\" title=\"Webcam Evol\u00e8ne\" rel=\"noopener noreferrer\">Last 24 hours<\/a><\/p>\n","protected":false},"excerpt":{"rendered":"<p>View on the Dent-Blanche and Dents de Veisivi Last 24 hours<\/p>\n","protected":false},"author":1,"featured_media":575,"parent":0,"menu_order":0,"comment_status":"closed","ping_status":"closed","template":"","meta":{"footnotes":""},"class_list":["post-552","page","type-page","status-publish","has-post-thumbnail","hentry"],"yoast_head":"<!-- This site is optimized with the Yoast SEO plugin v27.3 - https:\/\/yoast.com\/product\/yoast-seo-wordpress\/ -->\n<title>The Basecamp Evolene Webcam - Live View on the Dent-Blanche<\/title>\n<meta name=\"description\" content=\"The Basecamp Evolene Webcam - Live View on the Dent-Blanche (14&#039;295ft) and Dents de Veisivi from Camp de Base in Evol\u00e8ne (val d&#039;H\u00e9rens,Valais)\" \/>\n<meta name=\"robots\" content=\"index, follow, max-snippet:-1, max-image-preview:large, max-video-preview:-1\" \/>\n<link rel=\"canonical\" href=\"https:\/\/appartement-evolene.net\/appartement-de-vacances-a-louer-a-evolene\/en\/camp-de-base-evolene-webcam\/\" \/>\n<meta property=\"og:locale\" content=\"en_US\" \/>\n<meta property=\"og:type\" content=\"article\" \/>\n<meta property=\"og:title\" content=\"The Basecamp Evolene Webcam - Live View on the Dent-Blanche\" \/>\n<meta property=\"og:description\" content=\"The Basecamp Evolene Webcam - Live View on the Dent-Blanche (14&#039;295ft) and Dents de Veisivi from Camp de Base in Evol\u00e8ne (val d&#039;H\u00e9rens,Valais)\" \/>\n<meta property=\"og:url\" content=\"https:\/\/appartement-evolene.net\/appartement-de-vacances-a-louer-a-evolene\/en\/camp-de-base-evolene-webcam\/\" \/>\n<meta property=\"og:site_name\" content=\"Camp de base I Appartement de vacances \u00e0 louer | H\u00e9rens,Valais\" \/>\n<meta property=\"article:modified_time\" content=\"2023-08-27T14:06:36+00:00\" \/>\n<meta property=\"og:image\" content=\"https:\/\/appartement-evolene.net\/wp-content\/uploads\/2019\/08\/Panorama_Dent_Herens_Pigne.jpg\" \/>\n\t<meta property=\"og:image:width\" content=\"1400\" \/>\n\t<meta property=\"og:image:height\" content=\"300\" \/>\n\t<meta property=\"og:image:type\" content=\"image\/jpeg\" \/>\n<meta name=\"twitter:card\" content=\"summary_large_image\" \/>\n<meta name=\"twitter:label1\" content=\"Est. reading time\" \/>\n\t<meta name=\"twitter:data1\" content=\"1 minute\" \/>\n<script type=\"application\/ld+json\" class=\"yoast-schema-graph\">{\"@context\":\"https:\\\/\\\/schema.org\",\"@graph\":[{\"@type\":\"WebPage\",\"@id\":\"https:\\\/\\\/appartement-evolene.net\\\/appartement-de-vacances-a-louer-a-evolene\\\/en\\\/camp-de-base-evolene-webcam\\\/\",\"url\":\"https:\\\/\\\/appartement-evolene.net\\\/appartement-de-vacances-a-louer-a-evolene\\\/en\\\/camp-de-base-evolene-webcam\\\/\",\"name\":\"The Basecamp Evolene Webcam - Live View on the Dent-Blanche\",\"isPartOf\":{\"@id\":\"https:\\\/\\\/appartement-evolene.net\\\/appartement-de-vacances-a-louer-a-evolene\\\/#website\"},\"primaryImageOfPage\":{\"@id\":\"https:\\\/\\\/appartement-evolene.net\\\/appartement-de-vacances-a-louer-a-evolene\\\/en\\\/camp-de-base-evolene-webcam\\\/#primaryimage\"},\"image\":{\"@id\":\"https:\\\/\\\/appartement-evolene.net\\\/appartement-de-vacances-a-louer-a-evolene\\\/en\\\/camp-de-base-evolene-webcam\\\/#primaryimage\"},\"thumbnailUrl\":\"https:\\\/\\\/appartement-evolene.net\\\/wp-content\\\/uploads\\\/2019\\\/08\\\/Panorama_Dent_Herens_Pigne.jpg\",\"datePublished\":\"2019-08-17T06:34:36+00:00\",\"dateModified\":\"2023-08-27T14:06:36+00:00\",\"description\":\"The Basecamp Evolene Webcam - Live View on the Dent-Blanche (14'295ft) and Dents de Veisivi from Camp de Base in Evol\u00e8ne (val d'H\u00e9rens,Valais)\",\"breadcrumb\":{\"@id\":\"https:\\\/\\\/appartement-evolene.net\\\/appartement-de-vacances-a-louer-a-evolene\\\/en\\\/camp-de-base-evolene-webcam\\\/#breadcrumb\"},\"inLanguage\":\"en-US\",\"potentialAction\":[{\"@type\":\"ReadAction\",\"target\":[\"https:\\\/\\\/appartement-evolene.net\\\/appartement-de-vacances-a-louer-a-evolene\\\/en\\\/camp-de-base-evolene-webcam\\\/\"]}]},{\"@type\":\"ImageObject\",\"inLanguage\":\"en-US\",\"@id\":\"https:\\\/\\\/appartement-evolene.net\\\/appartement-de-vacances-a-louer-a-evolene\\\/en\\\/camp-de-base-evolene-webcam\\\/#primaryimage\",\"url\":\"https:\\\/\\\/appartement-evolene.net\\\/wp-content\\\/uploads\\\/2019\\\/08\\\/Panorama_Dent_Herens_Pigne.jpg\",\"contentUrl\":\"https:\\\/\\\/appartement-evolene.net\\\/wp-content\\\/uploads\\\/2019\\\/08\\\/Panorama_Dent_Herens_Pigne.jpg\",\"width\":1400,\"height\":300,\"caption\":\"Haut va d'H\u00e9rens - Dent Blanche au Pigne d'Arolla\"},{\"@type\":\"BreadcrumbList\",\"@id\":\"https:\\\/\\\/appartement-evolene.net\\\/appartement-de-vacances-a-louer-a-evolene\\\/en\\\/camp-de-base-evolene-webcam\\\/#breadcrumb\",\"itemListElement\":[{\"@type\":\"ListItem\",\"position\":1,\"name\":\"Accueil\",\"item\":\"https:\\\/\\\/appartement-evolene.net\\\/appartement-de-vacances-a-louer-a-evolene\\\/\"},{\"@type\":\"ListItem\",\"position\":2,\"name\":\"Camp de Base Evolene Webcam &#8211; Live View\"}]},{\"@type\":\"WebSite\",\"@id\":\"https:\\\/\\\/appartement-evolene.net\\\/appartement-de-vacances-a-louer-a-evolene\\\/#website\",\"url\":\"https:\\\/\\\/appartement-evolene.net\\\/appartement-de-vacances-a-louer-a-evolene\\\/\",\"name\":\"Camp de base I Appartement de vacances \u00e0 louer | H\u00e9rens,Valais\",\"description\":\"Camp de base Evol\u00e8ne - Silence, Relax, Vue unique sur la Dent-Blanche (4\u2019357m)\",\"publisher\":{\"@id\":\"https:\\\/\\\/appartement-evolene.net\\\/appartement-de-vacances-a-louer-a-evolene\\\/#\\\/schema\\\/person\\\/e7e5b75bc239a9008a8584fb5ae7419f\"},\"potentialAction\":[{\"@type\":\"SearchAction\",\"target\":{\"@type\":\"EntryPoint\",\"urlTemplate\":\"https:\\\/\\\/appartement-evolene.net\\\/appartement-de-vacances-a-louer-a-evolene\\\/?s={search_term_string}\"},\"query-input\":{\"@type\":\"PropertyValueSpecification\",\"valueRequired\":true,\"valueName\":\"search_term_string\"}}],\"inLanguage\":\"en-US\"},{\"@type\":[\"Person\",\"Organization\"],\"@id\":\"https:\\\/\\\/appartement-evolene.net\\\/appartement-de-vacances-a-louer-a-evolene\\\/#\\\/schema\\\/person\\\/e7e5b75bc239a9008a8584fb5ae7419f\",\"name\":\"pascal.gaudin@netplus.ch\",\"image\":{\"@type\":\"ImageObject\",\"inLanguage\":\"en-US\",\"@id\":\"https:\\\/\\\/secure.gravatar.com\\\/avatar\\\/08c1e8f052b13e1bbe011685899b7c70094b2391fede675d99ca3613cb1c51ab?s=96&d=mm&r=g\",\"url\":\"https:\\\/\\\/secure.gravatar.com\\\/avatar\\\/08c1e8f052b13e1bbe011685899b7c70094b2391fede675d99ca3613cb1c51ab?s=96&d=mm&r=g\",\"contentUrl\":\"https:\\\/\\\/secure.gravatar.com\\\/avatar\\\/08c1e8f052b13e1bbe011685899b7c70094b2391fede675d99ca3613cb1c51ab?s=96&d=mm&r=g\",\"caption\":\"pascal.gaudin@netplus.ch\"},\"logo\":{\"@id\":\"https:\\\/\\\/secure.gravatar.com\\\/avatar\\\/08c1e8f052b13e1bbe011685899b7c70094b2391fede675d99ca3613cb1c51ab?s=96&d=mm&r=g\"}}]}<\/script>\n<!-- \/ Yoast SEO plugin. -->","yoast_head_json":{"title":"The Basecamp Evolene Webcam - Live View on the Dent-Blanche","description":"The Basecamp Evolene Webcam - Live View on the Dent-Blanche (14'295ft) and Dents de Veisivi from Camp de Base in Evol\u00e8ne (val d'H\u00e9rens,Valais)","robots":{"index":"index","follow":"follow","max-snippet":"max-snippet:-1","max-image-preview":"max-image-preview:large","max-video-preview":"max-video-preview:-1"},"canonical":"https:\/\/appartement-evolene.net\/appartement-de-vacances-a-louer-a-evolene\/en\/camp-de-base-evolene-webcam\/","og_locale":"en_US","og_type":"article","og_title":"The Basecamp Evolene Webcam - Live View on the Dent-Blanche","og_description":"The Basecamp Evolene Webcam - Live View on the Dent-Blanche (14'295ft) and Dents de Veisivi from Camp de Base in Evol\u00e8ne (val d'H\u00e9rens,Valais)","og_url":"https:\/\/appartement-evolene.net\/appartement-de-vacances-a-louer-a-evolene\/en\/camp-de-base-evolene-webcam\/","og_site_name":"Camp de base I Appartement de vacances \u00e0 louer | H\u00e9rens,Valais","article_modified_time":"2023-08-27T14:06:36+00:00","og_image":[{"width":1400,"height":300,"url":"https:\/\/appartement-evolene.net\/wp-content\/uploads\/2019\/08\/Panorama_Dent_Herens_Pigne.jpg","type":"image\/jpeg"}],"twitter_card":"summary_large_image","twitter_misc":{"Est. reading time":"1 minute"},"schema":{"@context":"https:\/\/schema.org","@graph":[{"@type":"WebPage","@id":"https:\/\/appartement-evolene.net\/appartement-de-vacances-a-louer-a-evolene\/en\/camp-de-base-evolene-webcam\/","url":"https:\/\/appartement-evolene.net\/appartement-de-vacances-a-louer-a-evolene\/en\/camp-de-base-evolene-webcam\/","name":"The Basecamp Evolene Webcam - Live View on the Dent-Blanche","isPartOf":{"@id":"https:\/\/appartement-evolene.net\/appartement-de-vacances-a-louer-a-evolene\/#website"},"primaryImageOfPage":{"@id":"https:\/\/appartement-evolene.net\/appartement-de-vacances-a-louer-a-evolene\/en\/camp-de-base-evolene-webcam\/#primaryimage"},"image":{"@id":"https:\/\/appartement-evolene.net\/appartement-de-vacances-a-louer-a-evolene\/en\/camp-de-base-evolene-webcam\/#primaryimage"},"thumbnailUrl":"https:\/\/appartement-evolene.net\/wp-content\/uploads\/2019\/08\/Panorama_Dent_Herens_Pigne.jpg","datePublished":"2019-08-17T06:34:36+00:00","dateModified":"2023-08-27T14:06:36+00:00","description":"The Basecamp Evolene Webcam - Live View on the Dent-Blanche (14'295ft) and Dents de Veisivi from Camp de Base in Evol\u00e8ne (val d'H\u00e9rens,Valais)","breadcrumb":{"@id":"https:\/\/appartement-evolene.net\/appartement-de-vacances-a-louer-a-evolene\/en\/camp-de-base-evolene-webcam\/#breadcrumb"},"inLanguage":"en-US","potentialAction":[{"@type":"ReadAction","target":["https:\/\/appartement-evolene.net\/appartement-de-vacances-a-louer-a-evolene\/en\/camp-de-base-evolene-webcam\/"]}]},{"@type":"ImageObject","inLanguage":"en-US","@id":"https:\/\/appartement-evolene.net\/appartement-de-vacances-a-louer-a-evolene\/en\/camp-de-base-evolene-webcam\/#primaryimage","url":"https:\/\/appartement-evolene.net\/wp-content\/uploads\/2019\/08\/Panorama_Dent_Herens_Pigne.jpg","contentUrl":"https:\/\/appartement-evolene.net\/wp-content\/uploads\/2019\/08\/Panorama_Dent_Herens_Pigne.jpg","width":1400,"height":300,"caption":"Haut va d'H\u00e9rens - Dent Blanche au Pigne d'Arolla"},{"@type":"BreadcrumbList","@id":"https:\/\/appartement-evolene.net\/appartement-de-vacances-a-louer-a-evolene\/en\/camp-de-base-evolene-webcam\/#breadcrumb","itemListElement":[{"@type":"ListItem","position":1,"name":"Accueil","item":"https:\/\/appartement-evolene.net\/appartement-de-vacances-a-louer-a-evolene\/"},{"@type":"ListItem","position":2,"name":"Camp de Base Evolene Webcam &#8211; Live View"}]},{"@type":"WebSite","@id":"https:\/\/appartement-evolene.net\/appartement-de-vacances-a-louer-a-evolene\/#website","url":"https:\/\/appartement-evolene.net\/appartement-de-vacances-a-louer-a-evolene\/","name":"Camp de base I Appartement de vacances \u00e0 louer | H\u00e9rens,Valais","description":"Camp de base Evol\u00e8ne - Silence, Relax, Vue unique sur la Dent-Blanche (4\u2019357m)","publisher":{"@id":"https:\/\/appartement-evolene.net\/appartement-de-vacances-a-louer-a-evolene\/#\/schema\/person\/e7e5b75bc239a9008a8584fb5ae7419f"},"potentialAction":[{"@type":"SearchAction","target":{"@type":"EntryPoint","urlTemplate":"https:\/\/appartement-evolene.net\/appartement-de-vacances-a-louer-a-evolene\/?s={search_term_string}"},"query-input":{"@type":"PropertyValueSpecification","valueRequired":true,"valueName":"search_term_string"}}],"inLanguage":"en-US"},{"@type":["Person","Organization"],"@id":"https:\/\/appartement-evolene.net\/appartement-de-vacances-a-louer-a-evolene\/#\/schema\/person\/e7e5b75bc239a9008a8584fb5ae7419f","name":"pascal.gaudin@netplus.ch","image":{"@type":"ImageObject","inLanguage":"en-US","@id":"https:\/\/secure.gravatar.com\/avatar\/08c1e8f052b13e1bbe011685899b7c70094b2391fede675d99ca3613cb1c51ab?s=96&d=mm&r=g","url":"https:\/\/secure.gravatar.com\/avatar\/08c1e8f052b13e1bbe011685899b7c70094b2391fede675d99ca3613cb1c51ab?s=96&d=mm&r=g","contentUrl":"https:\/\/secure.gravatar.com\/avatar\/08c1e8f052b13e1bbe011685899b7c70094b2391fede675d99ca3613cb1c51ab?s=96&d=mm&r=g","caption":"pascal.gaudin@netplus.ch"},"logo":{"@id":"https:\/\/secure.gravatar.com\/avatar\/08c1e8f052b13e1bbe011685899b7c70094b2391fede675d99ca3613cb1c51ab?s=96&d=mm&r=g"}}]}},"_links":{"self":[{"href":"https:\/\/appartement-evolene.net\/appartement-de-vacances-a-louer-a-evolene\/wp-json\/wp\/v2\/pages\/552","targetHints":{"allow":["GET"]}}],"collection":[{"href":"https:\/\/appartement-evolene.net\/appartement-de-vacances-a-louer-a-evolene\/wp-json\/wp\/v2\/pages"}],"about":[{"href":"https:\/\/appartement-evolene.net\/appartement-de-vacances-a-louer-a-evolene\/wp-json\/wp\/v2\/types\/page"}],"author":[{"embeddable":true,"href":"https:\/\/appartement-evolene.net\/appartement-de-vacances-a-louer-a-evolene\/wp-json\/wp\/v2\/users\/1"}],"replies":[{"embeddable":true,"href":"https:\/\/appartement-evolene.net\/appartement-de-vacances-a-louer-a-evolene\/wp-json\/wp\/v2\/comments?post=552"}],"version-history":[{"count":5,"href":"https:\/\/appartement-evolene.net\/appartement-de-vacances-a-louer-a-evolene\/wp-json\/wp\/v2\/pages\/552\/revisions"}],"predecessor-version":[{"id":1000,"href":"https:\/\/appartement-evolene.net\/appartement-de-vacances-a-louer-a-evolene\/wp-json\/wp\/v2\/pages\/552\/revisions\/1000"}],"wp:featuredmedia":[{"embeddable":true,"href":"https:\/\/appartement-evolene.net\/appartement-de-vacances-a-louer-a-evolene\/wp-json\/wp\/v2\/media\/575"}],"wp:attachment":[{"href":"https:\/\/appartement-evolene.net\/appartement-de-vacances-a-louer-a-evolene\/wp-json\/wp\/v2\/media?parent=552"}],"curies":[{"name":"wp","href":"https:\/\/api.w.org\/{rel}","templated":true}]}}