{"id":528,"date":"2019-08-16T19:54:36","date_gmt":"2019-08-16T17:54:36","guid":{"rendered":"https:\/\/appartement-evolene.net\/appartement-de-vacances-a-louer-a-evolene\/?page_id=528"},"modified":"2023-08-27T16:01:48","modified_gmt":"2023-08-27T14:01:48","slug":"the-basecamp-evolene-holiday-accomodation-evolene-herens","status":"publish","type":"page","link":"https:\/\/appartement-evolene.net\/appartement-de-vacances-a-louer-a-evolene\/the-basecamp-evolene-holiday-accomodation-evolene-herens\/","title":{"rendered":"The Basecamp Evol\u00e8ne | Holiday accomodation"},"content":{"rendered":"<p><img loading=\"lazy\" decoding=\"async\" class=\"wp-image-944 size-medium\" src=\"https:\/\/appartement-evolene.net\/wp-content\/uploads\/2023\/04\/campdebase_appartement_evolene-1-300x300.png\" alt=\"Camp de base | Appartement de vacances \u00e0 louer \u00e0 Evol\u00e8ne | Location val d\u2019H\u00e9rens, Valais\" width=\"300\" height=\"300\" srcset=\"https:\/\/appartement-evolene.net\/wp-content\/uploads\/2023\/04\/campdebase_appartement_evolene-1-300x300.png 300w, https:\/\/appartement-evolene.net\/wp-content\/uploads\/2023\/04\/campdebase_appartement_evolene-1-150x150.png 150w, https:\/\/appartement-evolene.net\/wp-content\/uploads\/2023\/04\/campdebase_appartement_evolene-1.png 500w\" sizes=\"auto, (max-width: 300px) 100vw, 300px\" \/><\/p>\n<h2>The Basecamp Evolene | Holiday accomodation<\/h2>\n<p>The Basecamp, your Holiday apartment in Evol\u00e8ne is situated in an authentic chalet built in 1929. Back to nature, slow life and healing facing one of the best views of the Alps.<br \/>\nThe Holiday apartment is located on the top floor of a traditional Evol\u00e8ne chalet built around 1930, was completely renovated recently with tasteful furnishings. It offers the ideal setting for a calm and restful holiday. In addition, the balcony has a majestic view of the bottom of the valley, the Dents de Veisivi and the Dent Blanche.<br \/>\nLooking for a holiday apartment rental in Evol\u00e8ne or a seasonal rental in the val d&#8217;H\u00e9rens ? The Chalet Bellevue Lodge in Evol\u00e8ne : an exceptional situation.<\/p>\n<div class=\"image-row\"><div class=\"image-set\"><a class=\"example-image-link\" href=\"https:\/\/appartement-evolene.net\/wp-content\/uploads\/2017\/07\/chalet_bellevue_evolene_sejour-2.jpg\" data-lightbox=\"example-set\" data-title=\"[:fr]La vue sur la Dent-Blanche[:en]The view on the Dent-Blanche[:de]Die Aussicht auf die Dent-Blanche[:]\"><img decoding=\"async\" class=\"example-image\" src=\"https:\/\/appartement-evolene.net\/wp-content\/uploads\/2017\/07\/chalet_bellevue_evolene_sejour-2.jpg\" \/><span class=\"zoomin\"><\/span><\/a><a class=\"example-image-link\" href=\"https:\/\/appartement-evolene.net\/wp-content\/uploads\/2017\/07\/Chalet_Bellevue_Evolene_sejour1.jpg\" data-lightbox=\"example-set\" data-title=\"[:fr]le po\u00e8le[:en] the stove[:de]der Ofen[:]\"><img decoding=\"async\" class=\"example-image\" src=\"https:\/\/appartement-evolene.net\/wp-content\/uploads\/2017\/07\/Chalet_Bellevue_Evolene_sejour1.jpg\" \/><span class=\"zoomin\"><\/span><\/a><a class=\"example-image-link\" href=\"https:\/\/appartement-evolene.net\/wp-content\/uploads\/2019\/07\/Chalet_Bellevue_2_sejour3.jpg\" data-lightbox=\"example-set\" data-title=\"[:fr]la salle \u00e0 manger[:]\"><img decoding=\"async\" class=\"example-image\" src=\"https:\/\/appartement-evolene.net\/wp-content\/uploads\/2019\/07\/Chalet_Bellevue_2_sejour3.jpg\" \/><span class=\"zoomin\"><\/span><\/a><a class=\"example-image-link\" href=\"https:\/\/appartement-evolene.net\/wp-content\/uploads\/2019\/07\/Chalet_Bellevue_2_sejour-1.jpg\" data-lightbox=\"example-set\" data-title=\"[:fr]Le s\u00e9jour et la salle \u00e0 manger[:]\"><img decoding=\"async\" class=\"example-image\" src=\"https:\/\/appartement-evolene.net\/wp-content\/uploads\/2019\/07\/Chalet_Bellevue_2_sejour-1.jpg\" \/><span class=\"zoomin\"><\/span><\/a><a class=\"example-image-link\" href=\"https:\/\/appartement-evolene.net\/wp-content\/uploads\/2019\/07\/Chalet_Bellevue_2_sejour4.jpg\" data-lightbox=\"example-set\" data-title=\"[:fr]Le s\u00e9jour[:]\"><img decoding=\"async\" class=\"example-image\" src=\"https:\/\/appartement-evolene.net\/wp-content\/uploads\/2019\/07\/Chalet_Bellevue_2_sejour4.jpg\" \/><span class=\"zoomin\"><\/span><\/a><a class=\"example-image-link\" href=\"https:\/\/appartement-evolene.net\/wp-content\/uploads\/2019\/07\/Chalet_Bellevue_2_sejour2.jpg\" data-lightbox=\"example-set\" data-title=\"[:fr]La salle \u00e0 manger[:]\"><img decoding=\"async\" class=\"example-image\" src=\"https:\/\/appartement-evolene.net\/wp-content\/uploads\/2019\/07\/Chalet_Bellevue_2_sejour2.jpg\" \/><span class=\"zoomin\"><\/span><\/a><a class=\"example-image-link\" href=\"https:\/\/appartement-evolene.net\/wp-content\/uploads\/2019\/07\/Chalet_Bellevue_2_Cusine.jpg\" data-lightbox=\"example-set\" data-title=\"[:fr]La cuisine[:]\"><img decoding=\"async\" class=\"example-image\" src=\"https:\/\/appartement-evolene.net\/wp-content\/uploads\/2019\/07\/Chalet_Bellevue_2_Cusine.jpg\" \/><span class=\"zoomin\"><\/span><\/a><a class=\"example-image-link\" href=\"https:\/\/appartement-evolene.net\/wp-content\/uploads\/2019\/07\/Chalet_Bellevue_2_Cusine_1-1.jpg\" data-lightbox=\"example-set\" data-title=\"[:fr]La cuisine[:]\"><img decoding=\"async\" class=\"example-image\" src=\"https:\/\/appartement-evolene.net\/wp-content\/uploads\/2019\/07\/Chalet_Bellevue_2_Cusine_1-1.jpg\" \/><span class=\"zoomin\"><\/span><\/a><a class=\"example-image-link\" href=\"https:\/\/appartement-evolene.net\/wp-content\/uploads\/2019\/07\/Chalet_Bellevue_2_petite_chambre_a_coucher.jpg\" data-lightbox=\"example-set\" data-title=\"[:fr]La petite chambre \u00e0 coucher[:]\"><img decoding=\"async\" class=\"example-image\" src=\"https:\/\/appartement-evolene.net\/wp-content\/uploads\/2019\/07\/Chalet_Bellevue_2_petite_chambre_a_coucher.jpg\" \/><span class=\"zoomin\"><\/span><\/a><a class=\"example-image-link\" href=\"https:\/\/appartement-evolene.net\/wp-content\/uploads\/2019\/07\/Chalet_Bellevue_2_moyenne_chambre_a_coucher.jpg\" data-lightbox=\"example-set\" data-title=\"[:fr]La chambre \u00e0 coucher moyenne[:]\"><img decoding=\"async\" class=\"example-image\" src=\"https:\/\/appartement-evolene.net\/wp-content\/uploads\/2019\/07\/Chalet_Bellevue_2_moyenne_chambre_a_coucher.jpg\" \/><span class=\"zoomin\"><\/span><\/a><a class=\"example-image-link\" href=\"https:\/\/appartement-evolene.net\/wp-content\/uploads\/2017\/07\/Chalet_Bellevue_Evolene_grande_chambre.jpg\" data-lightbox=\"example-set\" data-title=\"[:fr]la grand chambre \u00e0 coucher[:en] the large bedroom[:de] das gro\u00dfe Schlafzimmer[:]\"><img decoding=\"async\" class=\"example-image\" src=\"https:\/\/appartement-evolene.net\/wp-content\/uploads\/2017\/07\/Chalet_Bellevue_Evolene_grande_chambre.jpg\" \/><span class=\"zoomin\"><\/span><\/a><a class=\"example-image-link\" href=\"https:\/\/appartement-evolene.net\/wp-content\/uploads\/2019\/07\/Chalet_Bellevue_2_WC.jpg\" data-lightbox=\"example-set\" data-title=\"[:fr]Salle de bains \/ WC[:]\"><img decoding=\"async\" class=\"example-image\" src=\"https:\/\/appartement-evolene.net\/wp-content\/uploads\/2019\/07\/Chalet_Bellevue_2_WC.jpg\" \/><span class=\"zoomin\"><\/span><\/a><a class=\"example-image-link\" href=\"https:\/\/appartement-evolene.net\/wp-content\/uploads\/2019\/07\/Chalet_Bellevue_2_WC2.jpg\" data-lightbox=\"example-set\" data-title=\"[:fr]Salle de bains \/ WC[:]\"><img decoding=\"async\" class=\"example-image\" src=\"https:\/\/appartement-evolene.net\/wp-content\/uploads\/2019\/07\/Chalet_Bellevue_2_WC2.jpg\" \/><span class=\"zoomin\"><\/span><\/a><a class=\"example-image-link\" href=\"https:\/\/appartement-evolene.net\/wp-content\/uploads\/2017\/07\/chalet_bellevue_evolene_ete-1.jpg\" data-lightbox=\"example-set\" data-title=\"[:fr]Le chalet en \u00e9t\u00e9 [:en]The chalet in sommer[:de]Das Chalet im Sommer[:]\"><img decoding=\"async\" class=\"example-image\" src=\"https:\/\/appartement-evolene.net\/wp-content\/uploads\/2017\/07\/chalet_bellevue_evolene_ete-1.jpg\" \/><span class=\"zoomin\"><\/span><\/a><a class=\"example-image-link\" href=\"https:\/\/appartement-evolene.net\/wp-content\/uploads\/2017\/07\/Chalet_Bellevue_Evolene_exterieur.jpg\" data-lightbox=\"example-set\" data-title=\"[:fr]Le chalet en hiver[:en]The chalet in winter[:de]Das Chalet im Winter[:]\"><img decoding=\"async\" class=\"example-image\" src=\"https:\/\/appartement-evolene.net\/wp-content\/uploads\/2017\/07\/Chalet_Bellevue_Evolene_exterieur.jpg\" \/><span class=\"zoomin\"><\/span><\/a><a class=\"example-image-link\" href=\"https:\/\/appartement-evolene.net\/wp-content\/uploads\/2016\/09\/chalet_bellevue_evolene_balcon.jpg\" data-lightbox=\"example-set\" data-title=\"[:fr]Vue du balcon[:en]View from the balcony[:de]Balkon[:]\"><img decoding=\"async\" class=\"example-image\" src=\"https:\/\/appartement-evolene.net\/wp-content\/uploads\/2016\/09\/chalet_bellevue_evolene_balcon.jpg\" \/><span class=\"zoomin\"><\/span><\/a><\/div><\/div>\n<h2>Comfort and authenticity , silence and exceptional views.<\/h2>\n<p>The apartment features:<br \/>\nSeparate kitchen with a table, oven and a large refrigerator<br \/>\nLarge bedroom with a king-size bed (160X200) \u2013 sleeps 2<br \/>\nSmall bedroom with a queen-size bed (140X200) \u2013 sleeps 1 &#8211; 2<br \/>\nSmall bedroom with a single bunk bed (90X200) \u2013 sleeps 2X1<br \/>\nLiving room with dining and lounge areas<br \/>\nWC with a shower \/ Washing machine<br \/>\nBalcony with a magnificent view, fully south-facing<br \/>\nTelevision 50 Channels<br \/>\nFree and Unlimited Internet Wi-Fi Connection<\/p>\n<div style=\"clear:both; min-height:20px; margin:25px 0; height:20px; background:url(https:\/\/appartement-evolene.net\/wp-content\/themes\/skt_hotel\/images\/hr_double.png) repeat-x center center transparent;\"><\/div>\n<h2>The hamlet of Evol\u00e8ne, one of the most beautiful village of Switzerland(Herens Valley,Valais)<\/h2>\n<p>Evol\u00e8ne: the perfect destination for hikers and mountain lovers. The Val d\u2019H\u00e9rens remains one of the most unspoiled valleys in the Alps: nowhere in the valley will you see the huge condominium buildings or the mountain-sides defaced by overdeveloped ski-pistes that have become so common elsewhere. The H\u00e9rens Valley is still essentially agricultural, and the villages remain small, traditional, and strikingly picturesque. They are nestled among some of the highest mountains in the Alps, including the Dent Blanche, the Pigne d\u2019Arolla and the Matterhorn, making the valley a perfect spot for both active and contemplative vacationers.<\/p>\n<div style=\"clear:both; min-height:20px; margin:25px 0; height:20px; background:url(https:\/\/appartement-evolene.net\/wp-content\/themes\/skt_hotel\/images\/hr_double.png) repeat-x center center transparent;\"><\/div>\n<h2>The Basecamp Evol\u00e8ne : Testimonials<\/h2>\n<p><div class=\"testimonials-wrap\" style=\"width:100%;\"><br \/>\n<ul id=\"testimonials\"><li class=\"list_testimonials\"><p>Nous sommes fans de cette magnifique vall\u00e9e et nous avons eu la chance d'y fr\u00e9quenter divers h\u00e9bergements depuis quelques ann\u00e9es. Cette ann\u00e9e, le hasard nous a conduit vers ce magnifique appartement parfaitement r\u00e9nov\u00e9 dans un chalet typique. Le propri\u00e9taire nous a r\u00e9serv\u00e9 un accueil formidable et nous nous sommes sentis tout de suite comme chez nous. Il connait tr\u00e8s bien sa r\u00e9gion et ses conseils ont largement contribu\u00e9 \u00e0 la r\u00e9ussite de nos vacances.  La vue est tout simplement incroyable, et nous avons pass\u00e9 des heures \u00e0 admirer les levers et couchers de soleil sur la Dent-Blanche.  L'appartement est tr\u00e8s bien \u00e9quip\u00e9. Il est propre, calme, chaleureux et authentique. Situ\u00e9s \u00e0 proximit\u00e9 du centre et des commerces, nous n'avons pas utilis\u00e9 notre voiture durant le s\u00e9jour.  Nous r\u00e9jouissons de nos prochaines vacances ici.<\/p><img loading=\"lazy\" decoding=\"async\" width=\"76\" height=\"76\" src=\"https:\/\/appartement-evolene.net\/wp-content\/uploads\/2016\/06\/logo_Homeaway.png\" class=\"attachment-76x76 size-76x76 wp-post-image\" alt=\"\" \/><cite> Notre coup de coeur dans le val d&#8217;H\u00e9rens !<\/cite><\/li><li class=\"list_testimonials\"><p>We spent 2 weeks in August 2015 in the typical wooden Chalet Bellevue apartment. Best location : very quiet and close to everything you need. The view from the balcony is amzing. Very reasonable priced and very attentive owner. Definitely a step up from the normal vacation apartments. Very clean. Hi-quality wi-fi connection. Highly recommend All in all, Chalet Bellevue apartment is ideal for those seeking the guaranteed privacy and tranquility of a family We are very much hoping to be able to find a week to make it back during the winter. Thank you Pascal for taking such good care of us! If we ever return to Evol\u00e8ne, you will be the first person we contact. Many thanks<\/p><img loading=\"lazy\" decoding=\"async\" width=\"76\" height=\"76\" src=\"https:\/\/appartement-evolene.net\/wp-content\/uploads\/2016\/06\/logo_Homeaway.png\" class=\"attachment-76x76 size-76x76 wp-post-image\" alt=\"\" \/><cite> Great Apartment with the best location in Evol\u00e8ne<\/cite><\/li><li class=\"list_testimonials\"><p>Wir waren vier Erwachsene in Evolene und hatten in der gem\u00fctlichen Wohnung reichlich Platz.  Es war sehr ruhig und die Aussicht vom Balkon und vom Wohnzimmer auf den Dent Blanc haben wir sehr genossen. Die Wohnung ist gut ausger\u00fcstet mit W-lan, TV, Badewanne und allem n\u00f6tigen in der K\u00fcche. Die Vermietung ist unkompliziert und doch sehr gastfreundlich. Da das Skigebiet nicht sehr gross ist in Evolene, gingen wir zweimal ins 4 Vall\u00e9es zum Skifahren. Ein fast unbegrenztes Pistenvergn\u00fcgen.<\/p><img loading=\"lazy\" decoding=\"async\" width=\"76\" height=\"76\" src=\"https:\/\/appartement-evolene.net\/wp-content\/uploads\/2016\/06\/logo_Homeaway.png\" class=\"attachment-76x76 size-76x76 wp-post-image\" alt=\"\" \/><cite> Gem\u00fctliche echte Walisser Wohnung mit wundersch\u00f6ner Aussicht auf Dent Blanche<\/cite><\/li><li class=\"list_testimonials\"><p>Na ongeveer tien jaar teruggekeerd naar de streek waar we vroeger reeds vele vakanties doorbrachten (Arolla). Deze keer ook een zeer aangename week beleefd in Evolene, in chalet Bellevue. Schitterende vergezichten en hartelijk verwelkomd door de zeer sympathieke eigenaar Pascal Gaudin. De locatie is een echte aanrader!<\/p><img loading=\"lazy\" decoding=\"async\" width=\"76\" height=\"76\" src=\"https:\/\/appartement-evolene.net\/wp-content\/uploads\/2016\/06\/logo_Homeaway.png\" class=\"attachment-76x76 size-76x76 wp-post-image\" alt=\"\" \/><cite> Enorm tevreden over chalet en omgeving<\/cite><\/li><li class=\"list_testimonials\"><p>Nous sommes ravis de nos 15 jours de vacances pass\u00e9s au chalet Bellevue.(qui porte tr\u00e8s bien son nom!) Accueil tr\u00e8s sympathique du propri\u00e9taire. Appartement nickel avec tout ce qu'il faut pour passer des vacances tr\u00e8s confortables. Situation exceptionnelle pour la vue et le calme. Je recommande vivement cette location. Un grand merci \u00e0 Pascal pour sa gentillesse et sa disponibilit\u00e9..<\/p><img loading=\"lazy\" decoding=\"async\" width=\"76\" height=\"76\" src=\"https:\/\/appartement-evolene.net\/wp-content\/uploads\/2016\/06\/logo_Homeaway.png\" class=\"attachment-76x76 size-76x76 wp-post-image\" alt=\"\" \/><cite> SUPERBE A TOUS POINTS DE VUE<\/cite><\/li><li class=\"list_testimonials\"><p>This was a wonderful stay. Pascal was brilliant in communicating with us as part of the booking and really flexible about arrivals and departures which weren't ar the most comvenient hours. He offered loads of helpful advices when we were there too. The apartment is wonderful - just as the pictures show. It is great to stay in the top of such an amazing old building and the view from the old wooden balcony is breathtaking. Evolene is great - quiet and stunningly pretty, surrounded by beautiful scenery. Fantastic walking to be had all around including easy access to amazing high mountain trails. All in all, highly recommended.<\/p><img loading=\"lazy\" decoding=\"async\" width=\"76\" height=\"76\" src=\"https:\/\/appartement-evolene.net\/wp-content\/uploads\/2016\/06\/logo_Homeaway.png\" class=\"attachment-76x76 size-76x76 wp-post-image\" alt=\"\" \/><cite> Wonderful apartment in a wonderful place<\/cite><\/li><li class=\"list_testimonials\"><p>\"Das Chalet von Herrn G. in Evolene ist wundersch\u00f6n gelegen mit einem herrlichen Ausblick. Die Einrichtung ist einfach aber sauber und sehr sch\u00f6n. Bei der Ankunft hat uns der Vermieter ein Gastgeschenk (Wein, K\u00e4se, Brot) bereitet. Er war sehr freundlich und hilfsbereit. Die Wohnung ist gut gelegen und verkehrstechnisch gut angebunden.\"<\/p><img loading=\"lazy\" decoding=\"async\" width=\"76\" height=\"76\" src=\"https:\/\/appartement-evolene.net\/wp-content\/uploads\/2016\/06\/logo_Homeaway.png\" class=\"attachment-76x76 size-76x76 wp-post-image\" alt=\"\" \/><cite> Das Chalet von Herrn G. &#8230;<\/cite><\/li><li class=\"list_testimonials\"><p>Notre famille a s\u00e9journ\u00e9 ici en juillet 2015. De l'avis g\u00e9n\u00e9ral, tr\u00e8s bonne prestation et conforme au descriptif et aux photos de l'annonce, excellent accueil et disponibilit\u00e9 des h\u00f4tes. L'endroit est un petit paradis pour se reposer et profiter des nombreux sentiers alentours. Parfait pour les enfants et pour les adultes. A recommander ++ L'appartement est parfaitement \u00e9quip\u00e9 et les lits sont tr\u00e8s confortables avec des couettes ! Il y a un joli balcon avec une vue magnifique sur les montagnes. La cuisine est bien \u00e9quip\u00e9e avec une table de salle \u00e0 manger et des chaises. L'appartement est \u00e0 seulement quelques minutes \u00e0 pied du centre d'Evol\u00e8ne mais il n'y a pas un bruit. Il y est excellent acc\u00e8s wifi gratuit \u00e0 la propri\u00e9t\u00e9 et il y a une TV avec un certain nombre de cha\u00eenes. La propri\u00e9t\u00e9 est propre et bien entretenue. .<\/p><img loading=\"lazy\" decoding=\"async\" width=\"76\" height=\"76\" src=\"https:\/\/appartement-evolene.net\/wp-content\/uploads\/2016\/06\/logo_Homeaway.png\" class=\"attachment-76x76 size-76x76 wp-post-image\" alt=\"\" \/><cite> Magnifique appartement, Environnement exceptionnel<\/cite><\/li><li class=\"list_testimonials\"><p>Lieu tr\u00e8s agr\u00e9able, avec du cachet et du caract\u00e8re, dans un environnement splendide; propri\u00e9taires sympathiques et accueillants<\/p><img loading=\"lazy\" decoding=\"async\" width=\"76\" height=\"76\" src=\"https:\/\/appartement-evolene.net\/wp-content\/uploads\/2016\/06\/logo_Homeaway.png\" class=\"attachment-76x76 size-76x76 wp-post-image\" alt=\"\" \/><cite> un s\u00e9jour r\u00e9ussi<\/cite><\/li><\/ul><br \/>\n<\/div><br \/>\n<div style=\"clear:both; min-height:20px; margin:25px 0; height:20px; background:url(https:\/\/appartement-evolene.net\/wp-content\/themes\/skt_hotel\/images\/hr_double.png) repeat-x center center transparent;\"><\/div><\/p>\n<p>You may also be interested in the following accommodation<\/p>\n<p><a href=\"https:\/\/mayen-evolene.net\/en\" target=\"_blank\" rel=\"noopener noreferrer\"><img loading=\"lazy\" decoding=\"async\" class=\"size-medium wp-image-39\" src=\"https:\/\/mayen-evolene.net\/wp-content\/uploads\/2016\/06\/Logo_Nid_Aigle_Volvoron-300x300.jpg\" alt=\"Mountain cabin to rent above Evol\u00e8ne (Herens Valley-Valais-Switzerland)\" width=\"150\" height=\"150\" \/><\/a><\/p>\n","protected":false},"excerpt":{"rendered":"<p>The Basecamp Evolene | Holiday accomodation The Basecamp, your Holiday apartment in Evol\u00e8ne is situated in an authentic chalet built in 1929. Back to nature, slow life and healing facing one of the best views of the Alps. The Holiday&#8230; <\/p>\n","protected":false},"author":1,"featured_media":545,"parent":0,"menu_order":0,"comment_status":"closed","ping_status":"closed","template":"","meta":{"footnotes":""},"class_list":["post-528","page","type-page","status-publish","has-post-thumbnail","hentry"],"yoast_head":"<!-- This site is optimized with the Yoast SEO plugin v27.3 - https:\/\/yoast.com\/product\/yoast-seo-wordpress\/ -->\n<title>The Basecamp Evolene | Holiday accomodation Evolene Herens<\/title>\n<meta name=\"description\" content=\"Your holiday apartment rental in Evol\u00e8ne in an authentic chalet Back to nature and slow life facing one of the best views of the Alps.\" \/>\n<meta name=\"robots\" content=\"index, follow, max-snippet:-1, max-image-preview:large, max-video-preview:-1\" \/>\n<link rel=\"canonical\" href=\"https:\/\/appartement-evolene.net\/appartement-de-vacances-a-louer-a-evolene\/en\/the-basecamp-evolene-holiday-accomodation-evolene-herens\/\" \/>\n<meta property=\"og:locale\" content=\"en_US\" \/>\n<meta property=\"og:type\" content=\"article\" \/>\n<meta property=\"og:title\" content=\"The Basecamp Evolene | Holiday accomodation Evolene Herens\" \/>\n<meta property=\"og:description\" content=\"Your holiday apartment rental in Evol\u00e8ne in an authentic chalet Back to nature and slow life facing one of the best views of the Alps.\" \/>\n<meta property=\"og:url\" content=\"https:\/\/appartement-evolene.net\/appartement-de-vacances-a-louer-a-evolene\/en\/the-basecamp-evolene-holiday-accomodation-evolene-herens\/\" \/>\n<meta property=\"og:site_name\" content=\"Camp de base I Appartement de vacances \u00e0 louer | H\u00e9rens,Valais\" \/>\n<meta property=\"article:modified_time\" content=\"2023-08-27T14:01:48+00:00\" \/>\n<meta property=\"og:image\" content=\"https:\/\/appartement-evolene.net\/wp-content\/uploads\/2019\/08\/chalet_bellevue_evolene.jpg\" \/>\n\t<meta property=\"og:image:width\" content=\"1400\" \/>\n\t<meta property=\"og:image:height\" content=\"300\" \/>\n\t<meta property=\"og:image:type\" content=\"image\/jpeg\" \/>\n<meta name=\"twitter:card\" content=\"summary_large_image\" \/>\n<meta name=\"twitter:label1\" content=\"Est. reading time\" \/>\n\t<meta name=\"twitter:data1\" content=\"3 minutes\" \/>\n<script type=\"application\/ld+json\" class=\"yoast-schema-graph\">{\"@context\":\"https:\\\/\\\/schema.org\",\"@graph\":[{\"@type\":\"WebPage\",\"@id\":\"https:\\\/\\\/appartement-evolene.net\\\/appartement-de-vacances-a-louer-a-evolene\\\/en\\\/the-basecamp-evolene-holiday-accomodation-evolene-herens\\\/\",\"url\":\"https:\\\/\\\/appartement-evolene.net\\\/appartement-de-vacances-a-louer-a-evolene\\\/en\\\/the-basecamp-evolene-holiday-accomodation-evolene-herens\\\/\",\"name\":\"The Basecamp Evolene | Holiday accomodation Evolene Herens\",\"isPartOf\":{\"@id\":\"https:\\\/\\\/appartement-evolene.net\\\/appartement-de-vacances-a-louer-a-evolene\\\/#website\"},\"primaryImageOfPage\":{\"@id\":\"https:\\\/\\\/appartement-evolene.net\\\/appartement-de-vacances-a-louer-a-evolene\\\/en\\\/the-basecamp-evolene-holiday-accomodation-evolene-herens\\\/#primaryimage\"},\"image\":{\"@id\":\"https:\\\/\\\/appartement-evolene.net\\\/appartement-de-vacances-a-louer-a-evolene\\\/en\\\/the-basecamp-evolene-holiday-accomodation-evolene-herens\\\/#primaryimage\"},\"thumbnailUrl\":\"https:\\\/\\\/appartement-evolene.net\\\/wp-content\\\/uploads\\\/2019\\\/08\\\/chalet_bellevue_evolene.jpg\",\"datePublished\":\"2019-08-16T17:54:36+00:00\",\"dateModified\":\"2023-08-27T14:01:48+00:00\",\"description\":\"Your holiday apartment rental in Evol\u00e8ne in an authentic chalet Back to nature and slow life facing one of the best views of the Alps.\",\"breadcrumb\":{\"@id\":\"https:\\\/\\\/appartement-evolene.net\\\/appartement-de-vacances-a-louer-a-evolene\\\/en\\\/the-basecamp-evolene-holiday-accomodation-evolene-herens\\\/#breadcrumb\"},\"inLanguage\":\"en-US\",\"potentialAction\":[{\"@type\":\"ReadAction\",\"target\":[\"https:\\\/\\\/appartement-evolene.net\\\/appartement-de-vacances-a-louer-a-evolene\\\/en\\\/the-basecamp-evolene-holiday-accomodation-evolene-herens\\\/\"]}]},{\"@type\":\"ImageObject\",\"inLanguage\":\"en-US\",\"@id\":\"https:\\\/\\\/appartement-evolene.net\\\/appartement-de-vacances-a-louer-a-evolene\\\/en\\\/the-basecamp-evolene-holiday-accomodation-evolene-herens\\\/#primaryimage\",\"url\":\"https:\\\/\\\/appartement-evolene.net\\\/wp-content\\\/uploads\\\/2019\\\/08\\\/chalet_bellevue_evolene.jpg\",\"contentUrl\":\"https:\\\/\\\/appartement-evolene.net\\\/wp-content\\\/uploads\\\/2019\\\/08\\\/chalet_bellevue_evolene.jpg\",\"width\":1400,\"height\":300,\"caption\":\"Holiday apartment rental in Evol\u00e8ne \u2013 H\u00e9rens,Valais,Switzerland\"},{\"@type\":\"BreadcrumbList\",\"@id\":\"https:\\\/\\\/appartement-evolene.net\\\/appartement-de-vacances-a-louer-a-evolene\\\/en\\\/the-basecamp-evolene-holiday-accomodation-evolene-herens\\\/#breadcrumb\",\"itemListElement\":[{\"@type\":\"ListItem\",\"position\":1,\"name\":\"Accueil\",\"item\":\"https:\\\/\\\/appartement-evolene.net\\\/appartement-de-vacances-a-louer-a-evolene\\\/\"},{\"@type\":\"ListItem\",\"position\":2,\"name\":\"The Basecamp Evol\u00e8ne | Holiday accomodation\"}]},{\"@type\":\"WebSite\",\"@id\":\"https:\\\/\\\/appartement-evolene.net\\\/appartement-de-vacances-a-louer-a-evolene\\\/#website\",\"url\":\"https:\\\/\\\/appartement-evolene.net\\\/appartement-de-vacances-a-louer-a-evolene\\\/\",\"name\":\"Camp de base I Appartement de vacances \u00e0 louer | H\u00e9rens,Valais\",\"description\":\"Camp de base Evol\u00e8ne - Silence, Relax, Vue unique sur la Dent-Blanche (4\u2019357m)\",\"publisher\":{\"@id\":\"https:\\\/\\\/appartement-evolene.net\\\/appartement-de-vacances-a-louer-a-evolene\\\/#\\\/schema\\\/person\\\/e7e5b75bc239a9008a8584fb5ae7419f\"},\"potentialAction\":[{\"@type\":\"SearchAction\",\"target\":{\"@type\":\"EntryPoint\",\"urlTemplate\":\"https:\\\/\\\/appartement-evolene.net\\\/appartement-de-vacances-a-louer-a-evolene\\\/?s={search_term_string}\"},\"query-input\":{\"@type\":\"PropertyValueSpecification\",\"valueRequired\":true,\"valueName\":\"search_term_string\"}}],\"inLanguage\":\"en-US\"},{\"@type\":[\"Person\",\"Organization\"],\"@id\":\"https:\\\/\\\/appartement-evolene.net\\\/appartement-de-vacances-a-louer-a-evolene\\\/#\\\/schema\\\/person\\\/e7e5b75bc239a9008a8584fb5ae7419f\",\"name\":\"pascal.gaudin@netplus.ch\",\"image\":{\"@type\":\"ImageObject\",\"inLanguage\":\"en-US\",\"@id\":\"https:\\\/\\\/secure.gravatar.com\\\/avatar\\\/08c1e8f052b13e1bbe011685899b7c70094b2391fede675d99ca3613cb1c51ab?s=96&d=mm&r=g\",\"url\":\"https:\\\/\\\/secure.gravatar.com\\\/avatar\\\/08c1e8f052b13e1bbe011685899b7c70094b2391fede675d99ca3613cb1c51ab?s=96&d=mm&r=g\",\"contentUrl\":\"https:\\\/\\\/secure.gravatar.com\\\/avatar\\\/08c1e8f052b13e1bbe011685899b7c70094b2391fede675d99ca3613cb1c51ab?s=96&d=mm&r=g\",\"caption\":\"pascal.gaudin@netplus.ch\"},\"logo\":{\"@id\":\"https:\\\/\\\/secure.gravatar.com\\\/avatar\\\/08c1e8f052b13e1bbe011685899b7c70094b2391fede675d99ca3613cb1c51ab?s=96&d=mm&r=g\"}}]}<\/script>\n<!-- \/ Yoast SEO plugin. -->","yoast_head_json":{"title":"The Basecamp Evolene | Holiday accomodation Evolene Herens","description":"Your holiday apartment rental in Evol\u00e8ne in an authentic chalet Back to nature and slow life facing one of the best views of the Alps.","robots":{"index":"index","follow":"follow","max-snippet":"max-snippet:-1","max-image-preview":"max-image-preview:large","max-video-preview":"max-video-preview:-1"},"canonical":"https:\/\/appartement-evolene.net\/appartement-de-vacances-a-louer-a-evolene\/en\/the-basecamp-evolene-holiday-accomodation-evolene-herens\/","og_locale":"en_US","og_type":"article","og_title":"The Basecamp Evolene | Holiday accomodation Evolene Herens","og_description":"Your holiday apartment rental in Evol\u00e8ne in an authentic chalet Back to nature and slow life facing one of the best views of the Alps.","og_url":"https:\/\/appartement-evolene.net\/appartement-de-vacances-a-louer-a-evolene\/en\/the-basecamp-evolene-holiday-accomodation-evolene-herens\/","og_site_name":"Camp de base I Appartement de vacances \u00e0 louer | H\u00e9rens,Valais","article_modified_time":"2023-08-27T14:01:48+00:00","og_image":[{"width":1400,"height":300,"url":"https:\/\/appartement-evolene.net\/wp-content\/uploads\/2019\/08\/chalet_bellevue_evolene.jpg","type":"image\/jpeg"}],"twitter_card":"summary_large_image","twitter_misc":{"Est. reading time":"3 minutes"},"schema":{"@context":"https:\/\/schema.org","@graph":[{"@type":"WebPage","@id":"https:\/\/appartement-evolene.net\/appartement-de-vacances-a-louer-a-evolene\/en\/the-basecamp-evolene-holiday-accomodation-evolene-herens\/","url":"https:\/\/appartement-evolene.net\/appartement-de-vacances-a-louer-a-evolene\/en\/the-basecamp-evolene-holiday-accomodation-evolene-herens\/","name":"The Basecamp Evolene | Holiday accomodation Evolene Herens","isPartOf":{"@id":"https:\/\/appartement-evolene.net\/appartement-de-vacances-a-louer-a-evolene\/#website"},"primaryImageOfPage":{"@id":"https:\/\/appartement-evolene.net\/appartement-de-vacances-a-louer-a-evolene\/en\/the-basecamp-evolene-holiday-accomodation-evolene-herens\/#primaryimage"},"image":{"@id":"https:\/\/appartement-evolene.net\/appartement-de-vacances-a-louer-a-evolene\/en\/the-basecamp-evolene-holiday-accomodation-evolene-herens\/#primaryimage"},"thumbnailUrl":"https:\/\/appartement-evolene.net\/wp-content\/uploads\/2019\/08\/chalet_bellevue_evolene.jpg","datePublished":"2019-08-16T17:54:36+00:00","dateModified":"2023-08-27T14:01:48+00:00","description":"Your holiday apartment rental in Evol\u00e8ne in an authentic chalet Back to nature and slow life facing one of the best views of the Alps.","breadcrumb":{"@id":"https:\/\/appartement-evolene.net\/appartement-de-vacances-a-louer-a-evolene\/en\/the-basecamp-evolene-holiday-accomodation-evolene-herens\/#breadcrumb"},"inLanguage":"en-US","potentialAction":[{"@type":"ReadAction","target":["https:\/\/appartement-evolene.net\/appartement-de-vacances-a-louer-a-evolene\/en\/the-basecamp-evolene-holiday-accomodation-evolene-herens\/"]}]},{"@type":"ImageObject","inLanguage":"en-US","@id":"https:\/\/appartement-evolene.net\/appartement-de-vacances-a-louer-a-evolene\/en\/the-basecamp-evolene-holiday-accomodation-evolene-herens\/#primaryimage","url":"https:\/\/appartement-evolene.net\/wp-content\/uploads\/2019\/08\/chalet_bellevue_evolene.jpg","contentUrl":"https:\/\/appartement-evolene.net\/wp-content\/uploads\/2019\/08\/chalet_bellevue_evolene.jpg","width":1400,"height":300,"caption":"Holiday apartment rental in Evol\u00e8ne \u2013 H\u00e9rens,Valais,Switzerland"},{"@type":"BreadcrumbList","@id":"https:\/\/appartement-evolene.net\/appartement-de-vacances-a-louer-a-evolene\/en\/the-basecamp-evolene-holiday-accomodation-evolene-herens\/#breadcrumb","itemListElement":[{"@type":"ListItem","position":1,"name":"Accueil","item":"https:\/\/appartement-evolene.net\/appartement-de-vacances-a-louer-a-evolene\/"},{"@type":"ListItem","position":2,"name":"The Basecamp Evol\u00e8ne | Holiday accomodation"}]},{"@type":"WebSite","@id":"https:\/\/appartement-evolene.net\/appartement-de-vacances-a-louer-a-evolene\/#website","url":"https:\/\/appartement-evolene.net\/appartement-de-vacances-a-louer-a-evolene\/","name":"Camp de base I Appartement de vacances \u00e0 louer | H\u00e9rens,Valais","description":"Camp de base Evol\u00e8ne - Silence, Relax, Vue unique sur la Dent-Blanche (4\u2019357m)","publisher":{"@id":"https:\/\/appartement-evolene.net\/appartement-de-vacances-a-louer-a-evolene\/#\/schema\/person\/e7e5b75bc239a9008a8584fb5ae7419f"},"potentialAction":[{"@type":"SearchAction","target":{"@type":"EntryPoint","urlTemplate":"https:\/\/appartement-evolene.net\/appartement-de-vacances-a-louer-a-evolene\/?s={search_term_string}"},"query-input":{"@type":"PropertyValueSpecification","valueRequired":true,"valueName":"search_term_string"}}],"inLanguage":"en-US"},{"@type":["Person","Organization"],"@id":"https:\/\/appartement-evolene.net\/appartement-de-vacances-a-louer-a-evolene\/#\/schema\/person\/e7e5b75bc239a9008a8584fb5ae7419f","name":"pascal.gaudin@netplus.ch","image":{"@type":"ImageObject","inLanguage":"en-US","@id":"https:\/\/secure.gravatar.com\/avatar\/08c1e8f052b13e1bbe011685899b7c70094b2391fede675d99ca3613cb1c51ab?s=96&d=mm&r=g","url":"https:\/\/secure.gravatar.com\/avatar\/08c1e8f052b13e1bbe011685899b7c70094b2391fede675d99ca3613cb1c51ab?s=96&d=mm&r=g","contentUrl":"https:\/\/secure.gravatar.com\/avatar\/08c1e8f052b13e1bbe011685899b7c70094b2391fede675d99ca3613cb1c51ab?s=96&d=mm&r=g","caption":"pascal.gaudin@netplus.ch"},"logo":{"@id":"https:\/\/secure.gravatar.com\/avatar\/08c1e8f052b13e1bbe011685899b7c70094b2391fede675d99ca3613cb1c51ab?s=96&d=mm&r=g"}}]}},"_links":{"self":[{"href":"https:\/\/appartement-evolene.net\/appartement-de-vacances-a-louer-a-evolene\/wp-json\/wp\/v2\/pages\/528","targetHints":{"allow":["GET"]}}],"collection":[{"href":"https:\/\/appartement-evolene.net\/appartement-de-vacances-a-louer-a-evolene\/wp-json\/wp\/v2\/pages"}],"about":[{"href":"https:\/\/appartement-evolene.net\/appartement-de-vacances-a-louer-a-evolene\/wp-json\/wp\/v2\/types\/page"}],"author":[{"embeddable":true,"href":"https:\/\/appartement-evolene.net\/appartement-de-vacances-a-louer-a-evolene\/wp-json\/wp\/v2\/users\/1"}],"replies":[{"embeddable":true,"href":"https:\/\/appartement-evolene.net\/appartement-de-vacances-a-louer-a-evolene\/wp-json\/wp\/v2\/comments?post=528"}],"version-history":[{"count":5,"href":"https:\/\/appartement-evolene.net\/appartement-de-vacances-a-louer-a-evolene\/wp-json\/wp\/v2\/pages\/528\/revisions"}],"predecessor-version":[{"id":1008,"href":"https:\/\/appartement-evolene.net\/appartement-de-vacances-a-louer-a-evolene\/wp-json\/wp\/v2\/pages\/528\/revisions\/1008"}],"wp:featuredmedia":[{"embeddable":true,"href":"https:\/\/appartement-evolene.net\/appartement-de-vacances-a-louer-a-evolene\/wp-json\/wp\/v2\/media\/545"}],"wp:attachment":[{"href":"https:\/\/appartement-evolene.net\/appartement-de-vacances-a-louer-a-evolene\/wp-json\/wp\/v2\/media?parent=528"}],"curies":[{"name":"wp","href":"https:\/\/api.w.org\/{rel}","templated":true}]}}