{"id":2,"date":"2016-06-19T12:31:49","date_gmt":"2016-06-19T10:31:49","guid":{"rendered":"http:\/\/appartement-evolene.net\/?page_id=2"},"modified":"2023-11-01T06:59:19","modified_gmt":"2023-11-01T05:59:19","slug":"contact-chalet-bellevue-evolene","status":"publish","type":"page","link":"https:\/\/appartement-evolene.net\/appartement-de-vacances-a-louer-a-evolene\/contact-chalet-bellevue-evolene\/","title":{"rendered":"Contact"},"content":{"rendered":"\n<div class=\"wpcf7 no-js\" id=\"wpcf7-f12-o1\" lang=\"fr-FR\" dir=\"ltr\" data-wpcf7-id=\"12\">\n<div class=\"screen-reader-response\"><p role=\"status\" aria-live=\"polite\" aria-atomic=\"true\"><\/p> <ul><\/ul><\/div>\n<form action=\"\/appartement-de-vacances-a-louer-a-evolene\/wp-json\/wp\/v2\/pages\/2#wpcf7-f12-o1\" method=\"post\" class=\"wpcf7-form init\" aria-label=\"Formulaire de contact\" novalidate=\"novalidate\" data-status=\"init\">\n<fieldset class=\"hidden-fields-container\"><input type=\"hidden\" name=\"_wpcf7\" value=\"12\" \/><input type=\"hidden\" name=\"_wpcf7_version\" value=\"6.1.5\" \/><input type=\"hidden\" name=\"_wpcf7_locale\" value=\"fr_FR\" \/><input type=\"hidden\" name=\"_wpcf7_unit_tag\" value=\"wpcf7-f12-o1\" \/><input type=\"hidden\" name=\"_wpcf7_container_post\" value=\"0\" \/><input type=\"hidden\" name=\"_wpcf7_posted_data_hash\" value=\"\" \/><input type=\"hidden\" name=\"_wpcf7_recaptcha_response\" value=\"\" \/>\n<\/fieldset>\n<p>Votre nom*\n<\/p>\n<p><span class=\"wpcf7-form-control-wrap\" data-name=\"your-name\"><input size=\"40\" maxlength=\"400\" class=\"wpcf7-form-control wpcf7-text wpcf7-validates-as-required\" aria-required=\"true\" aria-invalid=\"false\" value=\"\" type=\"text\" name=\"your-name\" \/><\/span>\n<\/p>\n<p>Votre email*\n<\/p>\n<p><span class=\"wpcf7-form-control-wrap\" data-name=\"your-email\"><input size=\"40\" maxlength=\"400\" class=\"wpcf7-form-control wpcf7-email wpcf7-validates-as-required wpcf7-text wpcf7-validates-as-email\" aria-required=\"true\" aria-invalid=\"false\" value=\"\" type=\"email\" name=\"your-email\" \/><\/span>\n<\/p>\n<p>Votre t\u00e9l\u00e9phone*\n<\/p>\n<p><span class=\"wpcf7-form-control-wrap\" data-name=\"Phone\"><input size=\"40\" maxlength=\"400\" class=\"wpcf7-form-control wpcf7-tel wpcf7-validates-as-required wpcf7-text wpcf7-validates-as-tel\" id=\"tf\" aria-required=\"true\" aria-invalid=\"false\" value=\"\" type=\"tel\" name=\"Phone\" \/><\/span>\n<\/p>\n<p>Sujet\n<\/p>\n<p><span class=\"wpcf7-form-control-wrap\" data-name=\"your-subject\"><input size=\"40\" maxlength=\"400\" class=\"wpcf7-form-control wpcf7-text\" aria-invalid=\"false\" value=\"\" type=\"text\" name=\"your-subject\" \/><\/span>\n<\/p>\n<p>Votre message\n<\/p>\n<p><span class=\"wpcf7-form-control-wrap\" data-name=\"your-message\"><textarea cols=\"40\" rows=\"10\" maxlength=\"2000\" class=\"wpcf7-form-control wpcf7-textarea\" aria-invalid=\"false\" name=\"your-message\"><\/textarea><\/span>\n<\/p>\n<p><span class=\"wpcf7-form-control-wrap\" data-name=\"acceptance-984\"><span class=\"wpcf7-form-control wpcf7-acceptance\"><span class=\"wpcf7-list-item\"><label><input type=\"checkbox\" name=\"acceptance-984\" value=\"1\" aria-invalid=\"false\" \/><span class=\"wpcf7-list-item-label\">En soumettant ce formulaire, j\u2019autorise que les informations saisies dans ce formulaire soient utilis\u00e9es pour permettre de me recontacter ou pour m\u2019envoyer la newsletter<\/span><\/label><\/span><\/span><\/span>\n<\/p>\n<p>* Veuillez remplir ces champs.\n<\/p>\n\n<p><input class=\"wpcf7-form-control wpcf7-submit has-spinner\" type=\"submit\" value=\"Envoyer\" \/>\n<\/p><div class=\"wpcf7-response-output\" aria-hidden=\"true\"><\/div>\n<\/form>\n<\/div>\n\n<p>Vous ne voulez pas remplir de formulaire? Dans ce cas, t\u00e9l\u00e9phonez ou envoyez-nous directement un e-mail:<br \/>\n<i class=\"fa fa-envelope-o\"><\/i><span class=\"phno\"> info@evolene.net<\/span><br \/>\n<i class=\"fa fa-phone\"><\/i> <span class=\"phno\"> +41 79 610 91 80<\/span><br \/>\n<div style=\"clear:both; min-height:20px; margin:25px 0; height:20px; background:url(https:\/\/appartement-evolene.net\/wp-content\/themes\/skt_hotel\/images\/hr_double.png) repeat-x center center transparent;\"><\/div><br \/>\n<div class=\"one_half name of animation\"><\/p>\n<p><img loading=\"lazy\" decoding=\"async\" class=\"size-medium wp-image-1042\" src=\"https:\/\/appartement-evolene.net\/wp-content\/uploads\/2023\/11\/Pascal_Gaudin_ski_freeride_coach-295x300.png\" alt=\"Pascal Gaudin | Coach ski &amp; freeride\" width=\"295\" height=\"300\" srcset=\"https:\/\/appartement-evolene.net\/wp-content\/uploads\/2023\/11\/Pascal_Gaudin_ski_freeride_coach-295x300.png 295w, https:\/\/appartement-evolene.net\/wp-content\/uploads\/2023\/11\/Pascal_Gaudin_ski_freeride_coach.png 495w\" sizes=\"auto, (max-width: 295px) 100vw, 295px\" \/><\/p>\n<p><\/div><br \/>\n<div class=\"one_half name of animation last_column\"><\/p>\n<h2>Le propri\u00e9taire : Pascal Gaudin<\/h2>\n<p>N\u00e9 \u00e0 Villaz dans le val d&#8217;H\u00e9rens, j&#8217;y ai pass\u00e9 toute ma jeunesse \u00e0 gravir les sommets environnants. Passionn\u00e9 de montagne et de VTT, je suis \u00e9galement moniteur de ski dipl\u00f4m\u00e9. Je connais parfaitement la r\u00e9gion, sa montagne et ses stations de ski, et pourrai vous conseiller pour toutes vos visites. Le ski, la montagne et la nature ont toujours fait partie de ma vie. Amis voyageurs, je me r\u00e9jouis de partager un peu de cet univers et serai heureux de vous accueillir en toute SIMPLICITE, AUTHENTICITE et CONVIVIALITE dans le chalet familial.<br \/>\n<\/div><br \/>\n<div style=\"clear:both; min-height:20px; margin:25px 0; height:20px; background:url(https:\/\/appartement-evolene.net\/wp-content\/themes\/skt_hotel\/images\/hr_double.png) repeat-x center center transparent;\"><\/div><\/p>\n","protected":false},"excerpt":{"rendered":"<p>Vous ne voulez pas remplir de formulaire? Dans ce cas, t\u00e9l\u00e9phonez ou envoyez-nous directement un e-mail: info@evolene.net +41 79 610 91 80<\/p>\n","protected":false},"author":1,"featured_media":204,"parent":0,"menu_order":0,"comment_status":"closed","ping_status":"open","template":"","meta":{"footnotes":""},"class_list":["post-2","page","type-page","status-publish","has-post-thumbnail","hentry"],"yoast_head":"<!-- This site is optimized with the Yoast SEO plugin v27.3 - https:\/\/yoast.com\/product\/yoast-seo-wordpress\/ -->\n<title>Contact - Camp de base I Appartement de vacances \u00e0 louer | H\u00e9rens,Valais<\/title>\n<meta name=\"description\" content=\"Vos vacances dans un chalet typiquement valaisan, face \u00e0 l&#039;un des plus beaux panorama des Alpes. Appartement \u00e0 louer \u00e0 Evol\u00e8ne, val d&#039;H\u00e9rens, Valais, Suisse\" \/>\n<meta name=\"robots\" content=\"index, follow, max-snippet:-1, max-image-preview:large, max-video-preview:-1\" \/>\n<link rel=\"canonical\" href=\"https:\/\/appartement-evolene.net\/appartement-de-vacances-a-louer-a-evolene\/contact-chalet-bellevue-evolene\/\" \/>\n<meta property=\"og:locale\" content=\"en_US\" \/>\n<meta property=\"og:type\" content=\"article\" \/>\n<meta property=\"og:title\" content=\"Contact - Camp de base I Appartement de vacances \u00e0 louer | H\u00e9rens,Valais\" \/>\n<meta property=\"og:description\" content=\"Vos vacances dans un chalet typiquement valaisan, face \u00e0 l&#039;un des plus beaux panorama des Alpes. Appartement \u00e0 louer \u00e0 Evol\u00e8ne, val d&#039;H\u00e9rens, Valais, Suisse\" \/>\n<meta property=\"og:url\" content=\"https:\/\/appartement-evolene.net\/appartement-de-vacances-a-louer-a-evolene\/contact-chalet-bellevue-evolene\/\" \/>\n<meta property=\"og:site_name\" content=\"Camp de base I Appartement de vacances \u00e0 louer | H\u00e9rens,Valais\" \/>\n<meta property=\"article:modified_time\" content=\"2023-11-01T05:59:19+00:00\" \/>\n<meta property=\"og:image\" content=\"https:\/\/appartement-evolene.net\/wp-content\/uploads\/2016\/10\/Arolla_Tsarmine_Dent-Blanche.jpg\" \/>\n\t<meta property=\"og:image:width\" content=\"1500\" \/>\n\t<meta property=\"og:image:height\" content=\"300\" \/>\n\t<meta property=\"og:image:type\" content=\"image\/jpeg\" \/>\n<meta name=\"twitter:card\" content=\"summary_large_image\" \/>\n<meta name=\"twitter:label1\" content=\"Est. reading time\" \/>\n\t<meta name=\"twitter:data1\" content=\"1 minute\" \/>\n<script type=\"application\/ld+json\" class=\"yoast-schema-graph\">{\"@context\":\"https:\\\/\\\/schema.org\",\"@graph\":[{\"@type\":\"WebPage\",\"@id\":\"https:\\\/\\\/appartement-evolene.net\\\/appartement-de-vacances-a-louer-a-evolene\\\/contact-chalet-bellevue-evolene\\\/\",\"url\":\"https:\\\/\\\/appartement-evolene.net\\\/appartement-de-vacances-a-louer-a-evolene\\\/contact-chalet-bellevue-evolene\\\/\",\"name\":\"Contact - Camp de base I Appartement de vacances \u00e0 louer | H\u00e9rens,Valais\",\"isPartOf\":{\"@id\":\"https:\\\/\\\/appartement-evolene.net\\\/appartement-de-vacances-a-louer-a-evolene\\\/#website\"},\"primaryImageOfPage\":{\"@id\":\"https:\\\/\\\/appartement-evolene.net\\\/appartement-de-vacances-a-louer-a-evolene\\\/contact-chalet-bellevue-evolene\\\/#primaryimage\"},\"image\":{\"@id\":\"https:\\\/\\\/appartement-evolene.net\\\/appartement-de-vacances-a-louer-a-evolene\\\/contact-chalet-bellevue-evolene\\\/#primaryimage\"},\"thumbnailUrl\":\"https:\\\/\\\/appartement-evolene.net\\\/wp-content\\\/uploads\\\/2016\\\/10\\\/Arolla_Tsarmine_Dent-Blanche.jpg\",\"datePublished\":\"2016-06-19T10:31:49+00:00\",\"dateModified\":\"2023-11-01T05:59:19+00:00\",\"description\":\"Vos vacances dans un chalet typiquement valaisan, face \u00e0 l'un des plus beaux panorama des Alpes. Appartement \u00e0 louer \u00e0 Evol\u00e8ne, val d'H\u00e9rens, Valais, Suisse\",\"breadcrumb\":{\"@id\":\"https:\\\/\\\/appartement-evolene.net\\\/appartement-de-vacances-a-louer-a-evolene\\\/contact-chalet-bellevue-evolene\\\/#breadcrumb\"},\"inLanguage\":\"en-US\",\"potentialAction\":[{\"@type\":\"ReadAction\",\"target\":[\"https:\\\/\\\/appartement-evolene.net\\\/appartement-de-vacances-a-louer-a-evolene\\\/contact-chalet-bellevue-evolene\\\/\"]}]},{\"@type\":\"ImageObject\",\"inLanguage\":\"en-US\",\"@id\":\"https:\\\/\\\/appartement-evolene.net\\\/appartement-de-vacances-a-louer-a-evolene\\\/contact-chalet-bellevue-evolene\\\/#primaryimage\",\"url\":\"https:\\\/\\\/appartement-evolene.net\\\/wp-content\\\/uploads\\\/2016\\\/10\\\/Arolla_Tsarmine_Dent-Blanche.jpg\",\"contentUrl\":\"https:\\\/\\\/appartement-evolene.net\\\/wp-content\\\/uploads\\\/2016\\\/10\\\/Arolla_Tsarmine_Dent-Blanche.jpg\",\"width\":1500,\"height\":300,\"caption\":\"Location d'appartement \u00e0 Evol\u00e8ne (Valais - Suisse)\"},{\"@type\":\"BreadcrumbList\",\"@id\":\"https:\\\/\\\/appartement-evolene.net\\\/appartement-de-vacances-a-louer-a-evolene\\\/contact-chalet-bellevue-evolene\\\/#breadcrumb\",\"itemListElement\":[{\"@type\":\"ListItem\",\"position\":1,\"name\":\"Accueil\",\"item\":\"https:\\\/\\\/appartement-evolene.net\\\/appartement-de-vacances-a-louer-a-evolene\\\/\"},{\"@type\":\"ListItem\",\"position\":2,\"name\":\"Contact\"}]},{\"@type\":\"WebSite\",\"@id\":\"https:\\\/\\\/appartement-evolene.net\\\/appartement-de-vacances-a-louer-a-evolene\\\/#website\",\"url\":\"https:\\\/\\\/appartement-evolene.net\\\/appartement-de-vacances-a-louer-a-evolene\\\/\",\"name\":\"Camp de base I Appartement de vacances \u00e0 louer | H\u00e9rens,Valais\",\"description\":\"Camp de base Evol\u00e8ne - Silence, Relax, Vue unique sur la Dent-Blanche (4\u2019357m)\",\"publisher\":{\"@id\":\"https:\\\/\\\/appartement-evolene.net\\\/appartement-de-vacances-a-louer-a-evolene\\\/#\\\/schema\\\/person\\\/e7e5b75bc239a9008a8584fb5ae7419f\"},\"potentialAction\":[{\"@type\":\"SearchAction\",\"target\":{\"@type\":\"EntryPoint\",\"urlTemplate\":\"https:\\\/\\\/appartement-evolene.net\\\/appartement-de-vacances-a-louer-a-evolene\\\/?s={search_term_string}\"},\"query-input\":{\"@type\":\"PropertyValueSpecification\",\"valueRequired\":true,\"valueName\":\"search_term_string\"}}],\"inLanguage\":\"en-US\"},{\"@type\":[\"Person\",\"Organization\"],\"@id\":\"https:\\\/\\\/appartement-evolene.net\\\/appartement-de-vacances-a-louer-a-evolene\\\/#\\\/schema\\\/person\\\/e7e5b75bc239a9008a8584fb5ae7419f\",\"name\":\"pascal.gaudin@netplus.ch\",\"image\":{\"@type\":\"ImageObject\",\"inLanguage\":\"en-US\",\"@id\":\"https:\\\/\\\/secure.gravatar.com\\\/avatar\\\/08c1e8f052b13e1bbe011685899b7c70094b2391fede675d99ca3613cb1c51ab?s=96&d=mm&r=g\",\"url\":\"https:\\\/\\\/secure.gravatar.com\\\/avatar\\\/08c1e8f052b13e1bbe011685899b7c70094b2391fede675d99ca3613cb1c51ab?s=96&d=mm&r=g\",\"contentUrl\":\"https:\\\/\\\/secure.gravatar.com\\\/avatar\\\/08c1e8f052b13e1bbe011685899b7c70094b2391fede675d99ca3613cb1c51ab?s=96&d=mm&r=g\",\"caption\":\"pascal.gaudin@netplus.ch\"},\"logo\":{\"@id\":\"https:\\\/\\\/secure.gravatar.com\\\/avatar\\\/08c1e8f052b13e1bbe011685899b7c70094b2391fede675d99ca3613cb1c51ab?s=96&d=mm&r=g\"}}]}<\/script>\n<!-- \/ Yoast SEO plugin. -->","yoast_head_json":{"title":"Contact - Camp de base I Appartement de vacances \u00e0 louer | H\u00e9rens,Valais","description":"Vos vacances dans un chalet typiquement valaisan, face \u00e0 l'un des plus beaux panorama des Alpes. Appartement \u00e0 louer \u00e0 Evol\u00e8ne, val d'H\u00e9rens, Valais, Suisse","robots":{"index":"index","follow":"follow","max-snippet":"max-snippet:-1","max-image-preview":"max-image-preview:large","max-video-preview":"max-video-preview:-1"},"canonical":"https:\/\/appartement-evolene.net\/appartement-de-vacances-a-louer-a-evolene\/contact-chalet-bellevue-evolene\/","og_locale":"en_US","og_type":"article","og_title":"Contact - Camp de base I Appartement de vacances \u00e0 louer | H\u00e9rens,Valais","og_description":"Vos vacances dans un chalet typiquement valaisan, face \u00e0 l'un des plus beaux panorama des Alpes. Appartement \u00e0 louer \u00e0 Evol\u00e8ne, val d'H\u00e9rens, Valais, Suisse","og_url":"https:\/\/appartement-evolene.net\/appartement-de-vacances-a-louer-a-evolene\/contact-chalet-bellevue-evolene\/","og_site_name":"Camp de base I Appartement de vacances \u00e0 louer | H\u00e9rens,Valais","article_modified_time":"2023-11-01T05:59:19+00:00","og_image":[{"width":1500,"height":300,"url":"https:\/\/appartement-evolene.net\/wp-content\/uploads\/2016\/10\/Arolla_Tsarmine_Dent-Blanche.jpg","type":"image\/jpeg"}],"twitter_card":"summary_large_image","twitter_misc":{"Est. reading time":"1 minute"},"schema":{"@context":"https:\/\/schema.org","@graph":[{"@type":"WebPage","@id":"https:\/\/appartement-evolene.net\/appartement-de-vacances-a-louer-a-evolene\/contact-chalet-bellevue-evolene\/","url":"https:\/\/appartement-evolene.net\/appartement-de-vacances-a-louer-a-evolene\/contact-chalet-bellevue-evolene\/","name":"Contact - Camp de base I Appartement de vacances \u00e0 louer | H\u00e9rens,Valais","isPartOf":{"@id":"https:\/\/appartement-evolene.net\/appartement-de-vacances-a-louer-a-evolene\/#website"},"primaryImageOfPage":{"@id":"https:\/\/appartement-evolene.net\/appartement-de-vacances-a-louer-a-evolene\/contact-chalet-bellevue-evolene\/#primaryimage"},"image":{"@id":"https:\/\/appartement-evolene.net\/appartement-de-vacances-a-louer-a-evolene\/contact-chalet-bellevue-evolene\/#primaryimage"},"thumbnailUrl":"https:\/\/appartement-evolene.net\/wp-content\/uploads\/2016\/10\/Arolla_Tsarmine_Dent-Blanche.jpg","datePublished":"2016-06-19T10:31:49+00:00","dateModified":"2023-11-01T05:59:19+00:00","description":"Vos vacances dans un chalet typiquement valaisan, face \u00e0 l'un des plus beaux panorama des Alpes. Appartement \u00e0 louer \u00e0 Evol\u00e8ne, val d'H\u00e9rens, Valais, Suisse","breadcrumb":{"@id":"https:\/\/appartement-evolene.net\/appartement-de-vacances-a-louer-a-evolene\/contact-chalet-bellevue-evolene\/#breadcrumb"},"inLanguage":"en-US","potentialAction":[{"@type":"ReadAction","target":["https:\/\/appartement-evolene.net\/appartement-de-vacances-a-louer-a-evolene\/contact-chalet-bellevue-evolene\/"]}]},{"@type":"ImageObject","inLanguage":"en-US","@id":"https:\/\/appartement-evolene.net\/appartement-de-vacances-a-louer-a-evolene\/contact-chalet-bellevue-evolene\/#primaryimage","url":"https:\/\/appartement-evolene.net\/wp-content\/uploads\/2016\/10\/Arolla_Tsarmine_Dent-Blanche.jpg","contentUrl":"https:\/\/appartement-evolene.net\/wp-content\/uploads\/2016\/10\/Arolla_Tsarmine_Dent-Blanche.jpg","width":1500,"height":300,"caption":"Location d'appartement \u00e0 Evol\u00e8ne (Valais - Suisse)"},{"@type":"BreadcrumbList","@id":"https:\/\/appartement-evolene.net\/appartement-de-vacances-a-louer-a-evolene\/contact-chalet-bellevue-evolene\/#breadcrumb","itemListElement":[{"@type":"ListItem","position":1,"name":"Accueil","item":"https:\/\/appartement-evolene.net\/appartement-de-vacances-a-louer-a-evolene\/"},{"@type":"ListItem","position":2,"name":"Contact"}]},{"@type":"WebSite","@id":"https:\/\/appartement-evolene.net\/appartement-de-vacances-a-louer-a-evolene\/#website","url":"https:\/\/appartement-evolene.net\/appartement-de-vacances-a-louer-a-evolene\/","name":"Camp de base I Appartement de vacances \u00e0 louer | H\u00e9rens,Valais","description":"Camp de base Evol\u00e8ne - Silence, Relax, Vue unique sur la Dent-Blanche (4\u2019357m)","publisher":{"@id":"https:\/\/appartement-evolene.net\/appartement-de-vacances-a-louer-a-evolene\/#\/schema\/person\/e7e5b75bc239a9008a8584fb5ae7419f"},"potentialAction":[{"@type":"SearchAction","target":{"@type":"EntryPoint","urlTemplate":"https:\/\/appartement-evolene.net\/appartement-de-vacances-a-louer-a-evolene\/?s={search_term_string}"},"query-input":{"@type":"PropertyValueSpecification","valueRequired":true,"valueName":"search_term_string"}}],"inLanguage":"en-US"},{"@type":["Person","Organization"],"@id":"https:\/\/appartement-evolene.net\/appartement-de-vacances-a-louer-a-evolene\/#\/schema\/person\/e7e5b75bc239a9008a8584fb5ae7419f","name":"pascal.gaudin@netplus.ch","image":{"@type":"ImageObject","inLanguage":"en-US","@id":"https:\/\/secure.gravatar.com\/avatar\/08c1e8f052b13e1bbe011685899b7c70094b2391fede675d99ca3613cb1c51ab?s=96&d=mm&r=g","url":"https:\/\/secure.gravatar.com\/avatar\/08c1e8f052b13e1bbe011685899b7c70094b2391fede675d99ca3613cb1c51ab?s=96&d=mm&r=g","contentUrl":"https:\/\/secure.gravatar.com\/avatar\/08c1e8f052b13e1bbe011685899b7c70094b2391fede675d99ca3613cb1c51ab?s=96&d=mm&r=g","caption":"pascal.gaudin@netplus.ch"},"logo":{"@id":"https:\/\/secure.gravatar.com\/avatar\/08c1e8f052b13e1bbe011685899b7c70094b2391fede675d99ca3613cb1c51ab?s=96&d=mm&r=g"}}]}},"_links":{"self":[{"href":"https:\/\/appartement-evolene.net\/appartement-de-vacances-a-louer-a-evolene\/wp-json\/wp\/v2\/pages\/2","targetHints":{"allow":["GET"]}}],"collection":[{"href":"https:\/\/appartement-evolene.net\/appartement-de-vacances-a-louer-a-evolene\/wp-json\/wp\/v2\/pages"}],"about":[{"href":"https:\/\/appartement-evolene.net\/appartement-de-vacances-a-louer-a-evolene\/wp-json\/wp\/v2\/types\/page"}],"author":[{"embeddable":true,"href":"https:\/\/appartement-evolene.net\/appartement-de-vacances-a-louer-a-evolene\/wp-json\/wp\/v2\/users\/1"}],"replies":[{"embeddable":true,"href":"https:\/\/appartement-evolene.net\/appartement-de-vacances-a-louer-a-evolene\/wp-json\/wp\/v2\/comments?post=2"}],"version-history":[{"count":5,"href":"https:\/\/appartement-evolene.net\/appartement-de-vacances-a-louer-a-evolene\/wp-json\/wp\/v2\/pages\/2\/revisions"}],"predecessor-version":[{"id":1045,"href":"https:\/\/appartement-evolene.net\/appartement-de-vacances-a-louer-a-evolene\/wp-json\/wp\/v2\/pages\/2\/revisions\/1045"}],"wp:featuredmedia":[{"embeddable":true,"href":"https:\/\/appartement-evolene.net\/appartement-de-vacances-a-louer-a-evolene\/wp-json\/wp\/v2\/media\/204"}],"wp:attachment":[{"href":"https:\/\/appartement-evolene.net\/appartement-de-vacances-a-louer-a-evolene\/wp-json\/wp\/v2\/media?parent=2"}],"curies":[{"name":"wp","href":"https:\/\/api.w.org\/{rel}","templated":true}]}}