{"id":101,"date":"2016-06-24T21:30:17","date_gmt":"2016-06-24T19:30:17","guid":{"rendered":"http:\/\/appartement-evolene.net\/?page_id=101"},"modified":"2024-05-26T13:48:43","modified_gmt":"2024-05-26T11:48:43","slug":"tarifs-et-conditions-generales","status":"publish","type":"page","link":"https:\/\/appartement-evolene.net\/appartement-de-vacances-a-louer-a-evolene\/tarifs-et-conditions-generales\/","title":{"rendered":"Tarifs et conditions g\u00e9n\u00e9rales"},"content":{"rendered":"<p><div class=\"pricing_table pcol4\">\n<div class=\"price_col \" style=\"background-color:#373838 !important;\">\n<div class=\"th\">Noel-Nouvel An-Carnaval<\/div>\n<div class=\"td\">CHF 1&#8217;490.00\/semaine<\/div>\n<\/div>\n<div class=\"price_col \" style=\"background-color:#009fd6 !important;\">\n<div class=\"th\">Haute Saison<\/div>\n<div class=\"td\">CHF 1&#8217;290.00\/semaine<\/div>\n<\/div>\n<div class=\"price_col \" style=\"background-color:#83672b  !important;\">\n<div class=\"th\">Basse Saison<\/div>\n<div class=\"td\">CHF 890.00\/semaine<\/div>\n<\/div>\n<div class=\"clear\"><\/div><\/div><br \/>\nHAUTE SAISON 2024 :\u00a0 1er juillet &#8211; 1er septembre<br \/>\nHAUTE SAISON 2025 : 1er f\u00e9vrier- 1er mars \/ 28 juin &#8211; 30 ao\u00fbt<br \/>\nBASSE SAISON\u00a0 : autres p\u00e9riodes<\/p>\n<p>Pour les locations de plus longue dur\u00e9e, un rabais de 10% par semaine suppl\u00e9mentaire est appliqu\u00e9.<br \/>\nLes s\u00e9jours inf\u00e9rieurs \u00e0 7 nuits possibles en derni\u00e8re minute seulement.<\/p>\n<p>Les tarifs s\u2019entendent \u00e0 la semaine, le bail prend effet du samedi \u00e0 16 heures au samedi suivant 9 heures au plus tard.<br \/>\nLes charges (\u00e9lectricit\u00e9 et chauffage, taxes de s\u00e9jour) et options (po\u00e8le et bois, nettoyage final et linge) ne sont pas compris dans ce prix.<\/p>\n<p><strong>Conditions de paiement<\/strong><\/p>\n<p>Le linge (lits et toilette) peut \u00eatre fourni sur place au prix de CHF 35.00 \/ personne.<\/p>\n<p>Arrhes : 50 % du prix de location est vers\u00e9 au moment de la r\u00e9servation et fait office de confirmation. Si le montant du prix de location ne d\u00e9passe pas CHF 350.00, il est d\u00fb en totalit\u00e9. Les arrhes sont vers\u00e9es sur le compte CH73 0840 1000 0622 2712 2 ou via le <a href=\"https:\/\/alpes-pures.com\" target=\"_blank\" rel=\"noopener noreferrer\">syst\u00e8me de r\u00e9servation directe<\/a>. La r\u00e9servation n\u2019est valable et d\u00e9finitive qu\u2019apr\u00e8s r\u00e9ception des arrhes. Le solde est vers\u00e9 \u00e0 l\u2019arriv\u00e9e.<\/p>\n<p><strong>Annulation<\/strong><\/p>\n<p>En cas d\u2019annulation plus de 30 jours avant le d\u00e9but du s\u00e9jour, 50 % du prix de location est d\u00fb. En cas d\u2019annulation moins de 30 jours avant le d\u00e9but du s\u00e9jour, ou en cas de d\u00e9part anticip\u00e9 lors du s\u00e9jour, le client est tenu de payer le montant total de la r\u00e9servation.<\/p>\n<p><strong>Caution<\/strong><br \/>\nUne caution de CHF 300.00 ou EUR 350.00 sera demand\u00e9e au d\u00e9but du s\u00e9jour comme garantie en cas de d\u00e9pr\u00e9dations.<\/p>\n<p><strong>Conditions g\u00e9n\u00e9rales<\/strong><\/p>\n<p>Le locataire s\u2019engage a\u00a0conserver les lieux dans leur \u00e9tat d\u2019origine et \u00e0 rendre en fin de bail, l\u2019ensemble de l\u2019objet en parfait \u00e9tat de propret\u00e9. Dans le cas contraire, les nettoyages seront factur\u00e9s CHF 120.00.<br \/>\nIl certifie \u00eatre couvert par une assurance responsabilit\u00e9 civile.<br \/>\nLe propri\u00e9taire d\u00e9cline toute responsabilit\u00e9 en cas d\u2019accident, pertes, vols, d\u00e9g\u00e2ts ou pr\u00e9judices survenant \u00e0 l\u2019int\u00e9rieur ou \u00e0 proximit\u00e9 du logement et de toute nuisance provenant de l&#8217;ext\u00e9rieur de la propri\u00e9t\u00e9. Le propri\u00e9taire pourra annuler la location, sans aucune indemnit\u00e9, en cas de force majeure tels que guerre, catastrophe naturelle, intemp\u00e9ries, incendie, etc. Dans ce cas, le client se verra rembourser les sommes qu\u2019il aurait d\u00e9j\u00e0 pay\u00e9es.<\/p>\n<p>Les conditions g\u00e9n\u00e9rales sont soumises \u00e0 la l\u00e9gislation suisse et le for juridique est \u00e0 Sion (VS).<\/p>\n","protected":false},"excerpt":{"rendered":"<p>HAUTE SAISON 2024 :\u00a0 1er juillet &#8211; 1er septembre HAUTE SAISON 2025 : 1er f\u00e9vrier- 1er mars \/ 28 juin &#8211; 30 ao\u00fbt BASSE SAISON\u00a0 : autres p\u00e9riodes Pour les locations de plus longue dur\u00e9e, un rabais de 10% par&#8230; <\/p>\n","protected":false},"author":1,"featured_media":203,"parent":0,"menu_order":0,"comment_status":"closed","ping_status":"closed","template":"","meta":{"footnotes":""},"class_list":["post-101","page","type-page","status-publish","has-post-thumbnail","hentry"],"yoast_head":"<!-- This site is optimized with the Yoast SEO plugin v27.3 - https:\/\/yoast.com\/product\/yoast-seo-wordpress\/ -->\n<title>Tarifs et conditions g\u00e9n\u00e9rales - Camp de base I Appartement de vacances \u00e0 louer | H\u00e9rens,Valais<\/title>\n<meta name=\"description\" content=\"Chalet Bellevue - Appartement de vacances \u00e0 Evol\u00e8ne, val d&#039;H\u00e9rens - Conditions g\u00e9n\u00e9rales et tarifs\" \/>\n<meta name=\"robots\" content=\"index, follow, max-snippet:-1, max-image-preview:large, max-video-preview:-1\" \/>\n<link rel=\"canonical\" href=\"https:\/\/appartement-evolene.net\/appartement-de-vacances-a-louer-a-evolene\/tarifs-et-conditions-generales\/\" \/>\n<meta property=\"og:locale\" content=\"en_US\" \/>\n<meta property=\"og:type\" content=\"article\" \/>\n<meta property=\"og:title\" content=\"Tarifs et conditions g\u00e9n\u00e9rales - Camp de base I Appartement de vacances \u00e0 louer | H\u00e9rens,Valais\" \/>\n<meta property=\"og:description\" content=\"Chalet Bellevue - Appartement de vacances \u00e0 Evol\u00e8ne, val d&#039;H\u00e9rens - Conditions g\u00e9n\u00e9rales et tarifs\" \/>\n<meta property=\"og:url\" content=\"https:\/\/appartement-evolene.net\/appartement-de-vacances-a-louer-a-evolene\/tarifs-et-conditions-generales\/\" \/>\n<meta property=\"og:site_name\" content=\"Camp de base I Appartement de vacances \u00e0 louer | H\u00e9rens,Valais\" \/>\n<meta property=\"article:modified_time\" content=\"2024-05-26T11:48:43+00:00\" \/>\n<meta property=\"og:image\" content=\"https:\/\/appartement-evolene.net\/wp-content\/uploads\/2016\/10\/Vallon_de_Ferpecle_Dent_Blanche.jpg\" \/>\n\t<meta property=\"og:image:width\" content=\"1500\" \/>\n\t<meta property=\"og:image:height\" content=\"300\" \/>\n\t<meta property=\"og:image:type\" content=\"image\/jpeg\" \/>\n<meta name=\"twitter:card\" content=\"summary_large_image\" \/>\n<meta name=\"twitter:label1\" content=\"Est. reading time\" \/>\n\t<meta name=\"twitter:data1\" content=\"3 minutes\" \/>\n<script type=\"application\/ld+json\" class=\"yoast-schema-graph\">{\"@context\":\"https:\\\/\\\/schema.org\",\"@graph\":[{\"@type\":\"WebPage\",\"@id\":\"https:\\\/\\\/appartement-evolene.net\\\/appartement-de-vacances-a-louer-a-evolene\\\/tarifs-et-conditions-generales\\\/\",\"url\":\"https:\\\/\\\/appartement-evolene.net\\\/appartement-de-vacances-a-louer-a-evolene\\\/tarifs-et-conditions-generales\\\/\",\"name\":\"Tarifs et conditions g\u00e9n\u00e9rales - Camp de base I Appartement de vacances \u00e0 louer | H\u00e9rens,Valais\",\"isPartOf\":{\"@id\":\"https:\\\/\\\/appartement-evolene.net\\\/appartement-de-vacances-a-louer-a-evolene\\\/#website\"},\"primaryImageOfPage\":{\"@id\":\"https:\\\/\\\/appartement-evolene.net\\\/appartement-de-vacances-a-louer-a-evolene\\\/tarifs-et-conditions-generales\\\/#primaryimage\"},\"image\":{\"@id\":\"https:\\\/\\\/appartement-evolene.net\\\/appartement-de-vacances-a-louer-a-evolene\\\/tarifs-et-conditions-generales\\\/#primaryimage\"},\"thumbnailUrl\":\"https:\\\/\\\/appartement-evolene.net\\\/wp-content\\\/uploads\\\/2016\\\/10\\\/Vallon_de_Ferpecle_Dent_Blanche.jpg\",\"datePublished\":\"2016-06-24T19:30:17+00:00\",\"dateModified\":\"2024-05-26T11:48:43+00:00\",\"description\":\"Chalet Bellevue - Appartement de vacances \u00e0 Evol\u00e8ne, val d'H\u00e9rens - Conditions g\u00e9n\u00e9rales et tarifs\",\"breadcrumb\":{\"@id\":\"https:\\\/\\\/appartement-evolene.net\\\/appartement-de-vacances-a-louer-a-evolene\\\/tarifs-et-conditions-generales\\\/#breadcrumb\"},\"inLanguage\":\"en-US\",\"potentialAction\":[{\"@type\":\"ReadAction\",\"target\":[\"https:\\\/\\\/appartement-evolene.net\\\/appartement-de-vacances-a-louer-a-evolene\\\/tarifs-et-conditions-generales\\\/\"]}]},{\"@type\":\"ImageObject\",\"inLanguage\":\"en-US\",\"@id\":\"https:\\\/\\\/appartement-evolene.net\\\/appartement-de-vacances-a-louer-a-evolene\\\/tarifs-et-conditions-generales\\\/#primaryimage\",\"url\":\"https:\\\/\\\/appartement-evolene.net\\\/wp-content\\\/uploads\\\/2016\\\/10\\\/Vallon_de_Ferpecle_Dent_Blanche.jpg\",\"contentUrl\":\"https:\\\/\\\/appartement-evolene.net\\\/wp-content\\\/uploads\\\/2016\\\/10\\\/Vallon_de_Ferpecle_Dent_Blanche.jpg\",\"width\":1500,\"height\":300,\"caption\":\"Location d'appartement \u00e0 Evol\u00e8ne (Valais - Suisse)\"},{\"@type\":\"BreadcrumbList\",\"@id\":\"https:\\\/\\\/appartement-evolene.net\\\/appartement-de-vacances-a-louer-a-evolene\\\/tarifs-et-conditions-generales\\\/#breadcrumb\",\"itemListElement\":[{\"@type\":\"ListItem\",\"position\":1,\"name\":\"Accueil\",\"item\":\"https:\\\/\\\/appartement-evolene.net\\\/appartement-de-vacances-a-louer-a-evolene\\\/\"},{\"@type\":\"ListItem\",\"position\":2,\"name\":\"Tarifs et conditions g\u00e9n\u00e9rales\"}]},{\"@type\":\"WebSite\",\"@id\":\"https:\\\/\\\/appartement-evolene.net\\\/appartement-de-vacances-a-louer-a-evolene\\\/#website\",\"url\":\"https:\\\/\\\/appartement-evolene.net\\\/appartement-de-vacances-a-louer-a-evolene\\\/\",\"name\":\"Camp de base I Appartement de vacances \u00e0 louer | H\u00e9rens,Valais\",\"description\":\"Camp de base Evol\u00e8ne - Silence, Relax, Vue unique sur la Dent-Blanche (4\u2019357m)\",\"publisher\":{\"@id\":\"https:\\\/\\\/appartement-evolene.net\\\/appartement-de-vacances-a-louer-a-evolene\\\/#\\\/schema\\\/person\\\/e7e5b75bc239a9008a8584fb5ae7419f\"},\"potentialAction\":[{\"@type\":\"SearchAction\",\"target\":{\"@type\":\"EntryPoint\",\"urlTemplate\":\"https:\\\/\\\/appartement-evolene.net\\\/appartement-de-vacances-a-louer-a-evolene\\\/?s={search_term_string}\"},\"query-input\":{\"@type\":\"PropertyValueSpecification\",\"valueRequired\":true,\"valueName\":\"search_term_string\"}}],\"inLanguage\":\"en-US\"},{\"@type\":[\"Person\",\"Organization\"],\"@id\":\"https:\\\/\\\/appartement-evolene.net\\\/appartement-de-vacances-a-louer-a-evolene\\\/#\\\/schema\\\/person\\\/e7e5b75bc239a9008a8584fb5ae7419f\",\"name\":\"pascal.gaudin@netplus.ch\",\"image\":{\"@type\":\"ImageObject\",\"inLanguage\":\"en-US\",\"@id\":\"https:\\\/\\\/secure.gravatar.com\\\/avatar\\\/08c1e8f052b13e1bbe011685899b7c70094b2391fede675d99ca3613cb1c51ab?s=96&d=mm&r=g\",\"url\":\"https:\\\/\\\/secure.gravatar.com\\\/avatar\\\/08c1e8f052b13e1bbe011685899b7c70094b2391fede675d99ca3613cb1c51ab?s=96&d=mm&r=g\",\"contentUrl\":\"https:\\\/\\\/secure.gravatar.com\\\/avatar\\\/08c1e8f052b13e1bbe011685899b7c70094b2391fede675d99ca3613cb1c51ab?s=96&d=mm&r=g\",\"caption\":\"pascal.gaudin@netplus.ch\"},\"logo\":{\"@id\":\"https:\\\/\\\/secure.gravatar.com\\\/avatar\\\/08c1e8f052b13e1bbe011685899b7c70094b2391fede675d99ca3613cb1c51ab?s=96&d=mm&r=g\"}}]}<\/script>\n<!-- \/ Yoast SEO plugin. -->","yoast_head_json":{"title":"Tarifs et conditions g\u00e9n\u00e9rales - Camp de base I Appartement de vacances \u00e0 louer | H\u00e9rens,Valais","description":"Chalet Bellevue - Appartement de vacances \u00e0 Evol\u00e8ne, val d'H\u00e9rens - Conditions g\u00e9n\u00e9rales et tarifs","robots":{"index":"index","follow":"follow","max-snippet":"max-snippet:-1","max-image-preview":"max-image-preview:large","max-video-preview":"max-video-preview:-1"},"canonical":"https:\/\/appartement-evolene.net\/appartement-de-vacances-a-louer-a-evolene\/tarifs-et-conditions-generales\/","og_locale":"en_US","og_type":"article","og_title":"Tarifs et conditions g\u00e9n\u00e9rales - Camp de base I Appartement de vacances \u00e0 louer | H\u00e9rens,Valais","og_description":"Chalet Bellevue - Appartement de vacances \u00e0 Evol\u00e8ne, val d'H\u00e9rens - Conditions g\u00e9n\u00e9rales et tarifs","og_url":"https:\/\/appartement-evolene.net\/appartement-de-vacances-a-louer-a-evolene\/tarifs-et-conditions-generales\/","og_site_name":"Camp de base I Appartement de vacances \u00e0 louer | H\u00e9rens,Valais","article_modified_time":"2024-05-26T11:48:43+00:00","og_image":[{"width":1500,"height":300,"url":"https:\/\/appartement-evolene.net\/wp-content\/uploads\/2016\/10\/Vallon_de_Ferpecle_Dent_Blanche.jpg","type":"image\/jpeg"}],"twitter_card":"summary_large_image","twitter_misc":{"Est. reading time":"3 minutes"},"schema":{"@context":"https:\/\/schema.org","@graph":[{"@type":"WebPage","@id":"https:\/\/appartement-evolene.net\/appartement-de-vacances-a-louer-a-evolene\/tarifs-et-conditions-generales\/","url":"https:\/\/appartement-evolene.net\/appartement-de-vacances-a-louer-a-evolene\/tarifs-et-conditions-generales\/","name":"Tarifs et conditions g\u00e9n\u00e9rales - Camp de base I Appartement de vacances \u00e0 louer | H\u00e9rens,Valais","isPartOf":{"@id":"https:\/\/appartement-evolene.net\/appartement-de-vacances-a-louer-a-evolene\/#website"},"primaryImageOfPage":{"@id":"https:\/\/appartement-evolene.net\/appartement-de-vacances-a-louer-a-evolene\/tarifs-et-conditions-generales\/#primaryimage"},"image":{"@id":"https:\/\/appartement-evolene.net\/appartement-de-vacances-a-louer-a-evolene\/tarifs-et-conditions-generales\/#primaryimage"},"thumbnailUrl":"https:\/\/appartement-evolene.net\/wp-content\/uploads\/2016\/10\/Vallon_de_Ferpecle_Dent_Blanche.jpg","datePublished":"2016-06-24T19:30:17+00:00","dateModified":"2024-05-26T11:48:43+00:00","description":"Chalet Bellevue - Appartement de vacances \u00e0 Evol\u00e8ne, val d'H\u00e9rens - Conditions g\u00e9n\u00e9rales et tarifs","breadcrumb":{"@id":"https:\/\/appartement-evolene.net\/appartement-de-vacances-a-louer-a-evolene\/tarifs-et-conditions-generales\/#breadcrumb"},"inLanguage":"en-US","potentialAction":[{"@type":"ReadAction","target":["https:\/\/appartement-evolene.net\/appartement-de-vacances-a-louer-a-evolene\/tarifs-et-conditions-generales\/"]}]},{"@type":"ImageObject","inLanguage":"en-US","@id":"https:\/\/appartement-evolene.net\/appartement-de-vacances-a-louer-a-evolene\/tarifs-et-conditions-generales\/#primaryimage","url":"https:\/\/appartement-evolene.net\/wp-content\/uploads\/2016\/10\/Vallon_de_Ferpecle_Dent_Blanche.jpg","contentUrl":"https:\/\/appartement-evolene.net\/wp-content\/uploads\/2016\/10\/Vallon_de_Ferpecle_Dent_Blanche.jpg","width":1500,"height":300,"caption":"Location d'appartement \u00e0 Evol\u00e8ne (Valais - Suisse)"},{"@type":"BreadcrumbList","@id":"https:\/\/appartement-evolene.net\/appartement-de-vacances-a-louer-a-evolene\/tarifs-et-conditions-generales\/#breadcrumb","itemListElement":[{"@type":"ListItem","position":1,"name":"Accueil","item":"https:\/\/appartement-evolene.net\/appartement-de-vacances-a-louer-a-evolene\/"},{"@type":"ListItem","position":2,"name":"Tarifs et conditions g\u00e9n\u00e9rales"}]},{"@type":"WebSite","@id":"https:\/\/appartement-evolene.net\/appartement-de-vacances-a-louer-a-evolene\/#website","url":"https:\/\/appartement-evolene.net\/appartement-de-vacances-a-louer-a-evolene\/","name":"Camp de base I Appartement de vacances \u00e0 louer | H\u00e9rens,Valais","description":"Camp de base Evol\u00e8ne - Silence, Relax, Vue unique sur la Dent-Blanche (4\u2019357m)","publisher":{"@id":"https:\/\/appartement-evolene.net\/appartement-de-vacances-a-louer-a-evolene\/#\/schema\/person\/e7e5b75bc239a9008a8584fb5ae7419f"},"potentialAction":[{"@type":"SearchAction","target":{"@type":"EntryPoint","urlTemplate":"https:\/\/appartement-evolene.net\/appartement-de-vacances-a-louer-a-evolene\/?s={search_term_string}"},"query-input":{"@type":"PropertyValueSpecification","valueRequired":true,"valueName":"search_term_string"}}],"inLanguage":"en-US"},{"@type":["Person","Organization"],"@id":"https:\/\/appartement-evolene.net\/appartement-de-vacances-a-louer-a-evolene\/#\/schema\/person\/e7e5b75bc239a9008a8584fb5ae7419f","name":"pascal.gaudin@netplus.ch","image":{"@type":"ImageObject","inLanguage":"en-US","@id":"https:\/\/secure.gravatar.com\/avatar\/08c1e8f052b13e1bbe011685899b7c70094b2391fede675d99ca3613cb1c51ab?s=96&d=mm&r=g","url":"https:\/\/secure.gravatar.com\/avatar\/08c1e8f052b13e1bbe011685899b7c70094b2391fede675d99ca3613cb1c51ab?s=96&d=mm&r=g","contentUrl":"https:\/\/secure.gravatar.com\/avatar\/08c1e8f052b13e1bbe011685899b7c70094b2391fede675d99ca3613cb1c51ab?s=96&d=mm&r=g","caption":"pascal.gaudin@netplus.ch"},"logo":{"@id":"https:\/\/secure.gravatar.com\/avatar\/08c1e8f052b13e1bbe011685899b7c70094b2391fede675d99ca3613cb1c51ab?s=96&d=mm&r=g"}}]}},"_links":{"self":[{"href":"https:\/\/appartement-evolene.net\/appartement-de-vacances-a-louer-a-evolene\/wp-json\/wp\/v2\/pages\/101","targetHints":{"allow":["GET"]}}],"collection":[{"href":"https:\/\/appartement-evolene.net\/appartement-de-vacances-a-louer-a-evolene\/wp-json\/wp\/v2\/pages"}],"about":[{"href":"https:\/\/appartement-evolene.net\/appartement-de-vacances-a-louer-a-evolene\/wp-json\/wp\/v2\/types\/page"}],"author":[{"embeddable":true,"href":"https:\/\/appartement-evolene.net\/appartement-de-vacances-a-louer-a-evolene\/wp-json\/wp\/v2\/users\/1"}],"replies":[{"embeddable":true,"href":"https:\/\/appartement-evolene.net\/appartement-de-vacances-a-louer-a-evolene\/wp-json\/wp\/v2\/comments?post=101"}],"version-history":[{"count":5,"href":"https:\/\/appartement-evolene.net\/appartement-de-vacances-a-louer-a-evolene\/wp-json\/wp\/v2\/pages\/101\/revisions"}],"predecessor-version":[{"id":1049,"href":"https:\/\/appartement-evolene.net\/appartement-de-vacances-a-louer-a-evolene\/wp-json\/wp\/v2\/pages\/101\/revisions\/1049"}],"wp:featuredmedia":[{"embeddable":true,"href":"https:\/\/appartement-evolene.net\/appartement-de-vacances-a-louer-a-evolene\/wp-json\/wp\/v2\/media\/203"}],"wp:attachment":[{"href":"https:\/\/appartement-evolene.net\/appartement-de-vacances-a-louer-a-evolene\/wp-json\/wp\/v2\/media?parent=101"}],"curies":[{"name":"wp","href":"https:\/\/api.w.org\/{rel}","templated":true}]}}